{"id":33,"date":"2022-04-25T15:30:43","date_gmt":"2022-04-25T15:30:43","guid":{"rendered":"https:\/\/mendel.com.ar\/?page_id=33"},"modified":"2026-03-11T20:51:30","modified_gmt":"2026-03-11T20:51:30","slug":"mendel-wines","status":"publish","type":"page","link":"http:\/\/mendel.com.ar\/en\/","title":{"rendered":"Home"},"content":{"rendered":"<div data-elementor-type=\"wp-page\" data-elementor-id=\"33\" class=\"elementor elementor-33\">\n\t\t\t\t\t\t\t\t\t<section class=\"elementor-section elementor-top-section elementor-element elementor-element-51ecf82f elementor-section-height-min-height elementor-section-content-middle elementor-section-full_width elementor-section-height-default elementor-section-items-middle\" data-id=\"51ecf82f\" data-element_type=\"section\" data-settings=\"{&quot;background_background&quot;:&quot;video&quot;,&quot;background_video_link&quot;:&quot;https:\\\/\\\/mendel.com.ar\\\/wp-content\\\/uploads\\\/2022\\\/05\\\/Mendel-web-v3-Full.mp4&quot;,&quot;background_video_start&quot;:1,&quot;background_play_on_mobile&quot;:&quot;yes&quot;}\">\n\t\t\t\t\t\t\t\t<div class=\"elementor-background-video-container\">\n\t\t\t\t\t\t\t\t\t\t\t\t\t<video class=\"elementor-background-video-hosted elementor-html5-video\" autoplay muted playsinline loop><\/video>\n\t\t\t\t\t\t\t\t\t\t\t<\/div>\n\t\t\t\t\t\t\t\t<div class=\"elementor-container elementor-column-gap-default\">\n\t\t\t\t\t<div class=\"elementor-column elementor-col-100 elementor-top-column elementor-element elementor-element-339ae457\" data-id=\"339ae457\" data-element_type=\"column\">\n\t\t\t<div class=\"elementor-widget-wrap\">\n\t\t\t\t\t\t\t\t\t<\/div>\n\t\t<\/div>\n\t\t\t\t\t\t\t<\/div>\n\t\t<\/section>\n\t\t\t\t<section class=\"elementor-section elementor-top-section elementor-element elementor-element-30511ff8 elementor-section-full_width elementor-section-height-default elementor-section-height-default\" data-id=\"30511ff8\" data-element_type=\"section\" data-settings=\"{&quot;background_background&quot;:&quot;classic&quot;}\">\n\t\t\t\t\t\t\t<div class=\"elementor-background-overlay\"><\/div>\n\t\t\t\t\t\t\t<div class=\"elementor-container elementor-column-gap-default\">\n\t\t\t\t\t<div class=\"elementor-column elementor-col-50 elementor-top-column elementor-element elementor-element-24c574c0\" data-id=\"24c574c0\" data-element_type=\"column\" data-settings=\"{&quot;background_background&quot;:&quot;classic&quot;}\">\n\t\t\t<div class=\"elementor-widget-wrap elementor-element-populated\">\n\t\t\t\t\t\t\t\t<section class=\"elementor-section elementor-inner-section elementor-element elementor-element-cc34f10 elementor-section-boxed elementor-section-height-default elementor-section-height-default\" data-id=\"cc34f10\" data-element_type=\"section\">\n\t\t\t\t\t\t<div class=\"elementor-container elementor-column-gap-default\">\n\t\t\t\t\t<div class=\"elementor-column elementor-col-50 elementor-inner-column elementor-element elementor-element-3ca347b\" data-id=\"3ca347b\" data-element_type=\"column\">\n\t\t\t<div class=\"elementor-widget-wrap\">\n\t\t\t\t\t\t\t\t\t<\/div>\n\t\t<\/div>\n\t\t\t\t<div class=\"elementor-column elementor-col-50 elementor-inner-column elementor-element elementor-element-a3b9b4a\" data-id=\"a3b9b4a\" data-element_type=\"column\">\n\t\t\t<div class=\"elementor-widget-wrap\">\n\t\t\t\t\t\t\t\t\t<\/div>\n\t\t<\/div>\n\t\t\t\t\t\t\t<\/div>\n\t\t<\/section>\n\t\t\t\t\t<\/div>\n\t\t<\/div>\n\t\t\t\t<div class=\"elementor-column elementor-col-50 elementor-top-column elementor-element elementor-element-7cff90e4\" data-id=\"7cff90e4\" data-element_type=\"column\" data-settings=\"{&quot;background_background&quot;:&quot;classic&quot;}\">\n\t\t\t<div class=\"elementor-widget-wrap elementor-element-populated\">\n\t\t\t\t\t<div class=\"elementor-background-overlay\"><\/div>\n\t\t\t\t\t\t\t\t<div class=\"elementor-element elementor-element-7ec5175e elementor-widget elementor-widget-heading\" data-id=\"7ec5175e\" data-element_type=\"widget\" data-widget_type=\"heading.default\">\n\t\t\t\t<div class=\"elementor-widget-container\">\n\t\t\t<style>\/*! elementor - v3.17.0 - 08-11-2023 *\/\n.elementor-heading-title{padding:0;margin:0;line-height:1}.elementor-widget-heading .elementor-heading-title[class*=elementor-size-]>a{color:inherit;font-size:inherit;line-height:inherit}.elementor-widget-heading .elementor-heading-title.elementor-size-small{font-size:15px}.elementor-widget-heading .elementor-heading-title.elementor-size-medium{font-size:19px}.elementor-widget-heading .elementor-heading-title.elementor-size-large{font-size:29px}.elementor-widget-heading .elementor-heading-title.elementor-size-xl{font-size:39px}.elementor-widget-heading .elementor-heading-title.elementor-size-xxl{font-size:59px}<\/style><h2 class=\"elementor-heading-title elementor-size-default\">Origin<\/h2>\t\t<\/div>\n\t\t\t\t<\/div>\n\t\t\t\t<div class=\"elementor-element elementor-element-dac5ecf elementor-widget-divider--view-line elementor-widget elementor-widget-divider\" data-id=\"dac5ecf\" data-element_type=\"widget\" data-widget_type=\"divider.default\">\n\t\t\t\t<div class=\"elementor-widget-container\">\n\t\t\t<style>\/*! elementor - v3.17.0 - 08-11-2023 *\/\n.elementor-widget-divider{--divider-border-style:none;--divider-border-width:1px;--divider-color:#0c0d0e;--divider-icon-size:20px;--divider-element-spacing:10px;--divider-pattern-height:24px;--divider-pattern-size:20px;--divider-pattern-url:none;--divider-pattern-repeat:repeat-x}.elementor-widget-divider .elementor-divider{display:flex}.elementor-widget-divider .elementor-divider__text{font-size:15px;line-height:1;max-width:95%}.elementor-widget-divider .elementor-divider__element{margin:0 var(--divider-element-spacing);flex-shrink:0}.elementor-widget-divider .elementor-icon{font-size:var(--divider-icon-size)}.elementor-widget-divider .elementor-divider-separator{display:flex;margin:0;direction:ltr}.elementor-widget-divider--view-line_icon .elementor-divider-separator,.elementor-widget-divider--view-line_text .elementor-divider-separator{align-items:center}.elementor-widget-divider--view-line_icon .elementor-divider-separator:after,.elementor-widget-divider--view-line_icon .elementor-divider-separator:before,.elementor-widget-divider--view-line_text .elementor-divider-separator:after,.elementor-widget-divider--view-line_text .elementor-divider-separator:before{display:block;content:\"\";border-bottom:0;flex-grow:1;border-top:var(--divider-border-width) var(--divider-border-style) var(--divider-color)}.elementor-widget-divider--element-align-left .elementor-divider .elementor-divider-separator>.elementor-divider__svg:first-of-type{flex-grow:0;flex-shrink:100}.elementor-widget-divider--element-align-left .elementor-divider-separator:before{content:none}.elementor-widget-divider--element-align-left .elementor-divider__element{margin-left:0}.elementor-widget-divider--element-align-right .elementor-divider .elementor-divider-separator>.elementor-divider__svg:last-of-type{flex-grow:0;flex-shrink:100}.elementor-widget-divider--element-align-right .elementor-divider-separator:after{content:none}.elementor-widget-divider--element-align-right .elementor-divider__element{margin-right:0}.elementor-widget-divider:not(.elementor-widget-divider--view-line_text):not(.elementor-widget-divider--view-line_icon) .elementor-divider-separator{border-top:var(--divider-border-width) var(--divider-border-style) var(--divider-color)}.elementor-widget-divider--separator-type-pattern{--divider-border-style:none}.elementor-widget-divider--separator-type-pattern.elementor-widget-divider--view-line .elementor-divider-separator,.elementor-widget-divider--separator-type-pattern:not(.elementor-widget-divider--view-line) .elementor-divider-separator:after,.elementor-widget-divider--separator-type-pattern:not(.elementor-widget-divider--view-line) .elementor-divider-separator:before,.elementor-widget-divider--separator-type-pattern:not([class*=elementor-widget-divider--view]) .elementor-divider-separator{width:100%;min-height:var(--divider-pattern-height);-webkit-mask-size:var(--divider-pattern-size) 100%;mask-size:var(--divider-pattern-size) 100%;-webkit-mask-repeat:var(--divider-pattern-repeat);mask-repeat:var(--divider-pattern-repeat);background-color:var(--divider-color);-webkit-mask-image:var(--divider-pattern-url);mask-image:var(--divider-pattern-url)}.elementor-widget-divider--no-spacing{--divider-pattern-size:auto}.elementor-widget-divider--bg-round{--divider-pattern-repeat:round}.rtl .elementor-widget-divider .elementor-divider__text{direction:rtl}.e-con-inner>.elementor-widget-divider,.e-con>.elementor-widget-divider{width:var(--container-widget-width,100%);--flex-grow:var(--container-widget-flex-grow)}<\/style>\t\t<div class=\"elementor-divider\">\n\t\t\t<span class=\"elementor-divider-separator\">\n\t\t\t\t\t\t<\/span>\n\t\t<\/div>\n\t\t\t\t<\/div>\n\t\t\t\t<\/div>\n\t\t\t\t<div class=\"elementor-element elementor-element-73fbd3a8 elementor-widget elementor-widget-text-editor\" data-id=\"73fbd3a8\" data-element_type=\"widget\" data-widget_type=\"text-editor.default\">\n\t\t\t\t<div class=\"elementor-widget-container\">\n\t\t\t<style>\/*! elementor - v3.17.0 - 08-11-2023 *\/\n.elementor-widget-text-editor.elementor-drop-cap-view-stacked .elementor-drop-cap{background-color:#69727d;color:#fff}.elementor-widget-text-editor.elementor-drop-cap-view-framed .elementor-drop-cap{color:#69727d;border:3px solid;background-color:transparent}.elementor-widget-text-editor:not(.elementor-drop-cap-view-default) .elementor-drop-cap{margin-top:8px}.elementor-widget-text-editor:not(.elementor-drop-cap-view-default) .elementor-drop-cap-letter{width:1em;height:1em}.elementor-widget-text-editor .elementor-drop-cap{float:left;text-align:center;line-height:1;font-size:50px}.elementor-widget-text-editor .elementor-drop-cap-letter{display:inline-block}<\/style>\t\t\t\t<p><span style=\"font-weight: 400;\">Vi\u00f1edos y Bodega Mendel arises from the union of Roberto de la Mota, one of the most respected and experienced Argentine winemakers, with an Argentine family committed to obtaining wines of the highest quality. Our search is to express the singular character of our vineyards and the incomparable attributes of the Mendoza terroir.<\/span><\/p>\t\t\t\t\t\t<\/div>\n\t\t\t\t<\/div>\n\t\t\t\t\t<\/div>\n\t\t<\/div>\n\t\t\t\t\t\t\t<\/div>\n\t\t<\/section>\n\t\t\t\t<section class=\"elementor-section elementor-top-section elementor-element elementor-element-4fdee4e2 elementor-section-full_width elementor-section-height-default elementor-section-height-default\" data-id=\"4fdee4e2\" data-element_type=\"section\">\n\t\t\t\t\t\t<div class=\"elementor-container elementor-column-gap-default\">\n\t\t\t\t\t<div class=\"elementor-column elementor-col-50 elementor-top-column elementor-element elementor-element-1a4e5241\" data-id=\"1a4e5241\" data-element_type=\"column\" data-settings=\"{&quot;background_background&quot;:&quot;classic&quot;}\">\n\t\t\t<div class=\"elementor-widget-wrap elementor-element-populated\">\n\t\t\t\t\t<div class=\"elementor-background-overlay\"><\/div>\n\t\t\t\t\t\t\t\t<div class=\"elementor-element elementor-element-1fe0c440 elementor-widget elementor-widget-heading\" data-id=\"1fe0c440\" data-element_type=\"widget\" data-widget_type=\"heading.default\">\n\t\t\t\t<div class=\"elementor-widget-container\">\n\t\t\t<h2 class=\"elementor-heading-title elementor-size-default\">Roberto de La Mota<\/h2>\t\t<\/div>\n\t\t\t\t<\/div>\n\t\t\t\t<div class=\"elementor-element elementor-element-f5122e9 elementor-widget-divider--view-line elementor-widget elementor-widget-divider\" data-id=\"f5122e9\" data-element_type=\"widget\" data-widget_type=\"divider.default\">\n\t\t\t\t<div class=\"elementor-widget-container\">\n\t\t\t\t\t<div class=\"elementor-divider\">\n\t\t\t<span class=\"elementor-divider-separator\">\n\t\t\t\t\t\t<\/span>\n\t\t<\/div>\n\t\t\t\t<\/div>\n\t\t\t\t<\/div>\n\t\t\t\t<div class=\"elementor-element elementor-element-45f981f7 elementor-widget elementor-widget-text-editor\" data-id=\"45f981f7\" data-element_type=\"widget\" data-widget_type=\"text-editor.default\">\n\t\t\t\t<div class=\"elementor-widget-container\">\n\t\t\t\t\t\t\t<p><span style=\"font-weight: 400;\">Roberto likes to joke that he was born in a winery, since his winemaking education and training began long before he studied at the National University of Cuyo. He took his first steps at the hands of his father, the most famous Argentine winemaker, Don Ra\u00fal de la Mota.\u00a0<\/span><\/p><p><span style=\"font-weight: 400;\">After completing his studies in Montpellier, France, and managing one of the most important wineries in the country, Roberto was able to fulfill the dream of owning his own winery since 2002 with Mendel Wines.<\/span><\/p>\t\t\t\t\t\t<\/div>\n\t\t\t\t<\/div>\n\t\t\t\t<div class=\"elementor-element elementor-element-17661ccc elementor-widget elementor-widget-image\" data-id=\"17661ccc\" data-element_type=\"widget\" data-widget_type=\"image.default\">\n\t\t\t\t<div class=\"elementor-widget-container\">\n\t\t\t<style>\/*! elementor - v3.17.0 - 08-11-2023 *\/\n.elementor-widget-image{text-align:center}.elementor-widget-image a{display:inline-block}.elementor-widget-image a img[src$=\".svg\"]{width:48px}.elementor-widget-image img{vertical-align:middle;display:inline-block}<\/style>\t\t\t\t\t\t\t\t\t\t\t\t<img loading=\"lazy\" decoding=\"async\" width=\"300\" height=\"140\" src=\"https:\/\/mendel.com.ar\/wp-content\/uploads\/2022\/04\/firma-roberto-300x140.png\" class=\"attachment-medium size-medium wp-image-88\" alt=\"\" srcset=\"https:\/\/mendel.com.ar\/wp-content\/uploads\/2022\/04\/firma-roberto-300x140.png 300w, https:\/\/mendel.com.ar\/wp-content\/uploads\/2022\/04\/firma-roberto-768x358.png 768w, https:\/\/mendel.com.ar\/wp-content\/uploads\/2022\/04\/firma-roberto.png 914w\" sizes=\"auto, (max-width: 300px) 100vw, 300px\" \/>\t\t\t\t\t\t\t\t\t\t\t\t\t\t\t<\/div>\n\t\t\t\t<\/div>\n\t\t\t\t\t<\/div>\n\t\t<\/div>\n\t\t\t\t<div class=\"elementor-column elementor-col-50 elementor-top-column elementor-element elementor-element-60d06a31\" data-id=\"60d06a31\" data-element_type=\"column\" data-settings=\"{&quot;background_background&quot;:&quot;classic&quot;}\">\n\t\t\t<div class=\"elementor-widget-wrap elementor-element-populated\">\n\t\t\t\t\t\t\t\t<section class=\"elementor-section elementor-inner-section elementor-element elementor-element-9ebabda elementor-section-boxed elementor-section-height-default elementor-section-height-default\" data-id=\"9ebabda\" data-element_type=\"section\">\n\t\t\t\t\t\t<div class=\"elementor-container elementor-column-gap-default\">\n\t\t\t\t\t<div class=\"elementor-column elementor-col-50 elementor-inner-column elementor-element elementor-element-8cd9cff\" data-id=\"8cd9cff\" data-element_type=\"column\">\n\t\t\t<div class=\"elementor-widget-wrap\">\n\t\t\t\t\t\t\t\t\t<\/div>\n\t\t<\/div>\n\t\t\t\t<div class=\"elementor-column elementor-col-50 elementor-inner-column elementor-element elementor-element-23aa746\" data-id=\"23aa746\" data-element_type=\"column\">\n\t\t\t<div class=\"elementor-widget-wrap\">\n\t\t\t\t\t\t\t\t\t<\/div>\n\t\t<\/div>\n\t\t\t\t\t\t\t<\/div>\n\t\t<\/section>\n\t\t\t\t\t<\/div>\n\t\t<\/div>\n\t\t\t\t\t\t\t<\/div>\n\t\t<\/section>\n\t\t\t\t<section class=\"elementor-section elementor-top-section elementor-element elementor-element-68a3655c elementor-section-full_width elementor-section-height-default elementor-section-height-default\" data-id=\"68a3655c\" data-element_type=\"section\" data-settings=\"{&quot;background_background&quot;:&quot;classic&quot;}\">\n\t\t\t\t\t\t\t<div class=\"elementor-background-overlay\"><\/div>\n\t\t\t\t\t\t\t<div class=\"elementor-container elementor-column-gap-default\">\n\t\t\t\t\t<div class=\"elementor-column elementor-col-33 elementor-top-column elementor-element elementor-element-f3531ab\" data-id=\"f3531ab\" data-element_type=\"column\" data-settings=\"{&quot;background_background&quot;:&quot;classic&quot;}\">\n\t\t\t<div class=\"elementor-widget-wrap elementor-element-populated\">\n\t\t\t\t\t<div class=\"elementor-background-overlay\"><\/div>\n\t\t\t\t\t\t\t\t<div class=\"elementor-element elementor-element-5a8fc59e elementor-widget elementor-widget-heading\" data-id=\"5a8fc59e\" data-element_type=\"widget\" data-widget_type=\"heading.default\">\n\t\t\t\t<div class=\"elementor-widget-container\">\n\t\t\t<h2 class=\"elementor-heading-title elementor-size-default\">Climate<\/h2>\t\t<\/div>\n\t\t\t\t<\/div>\n\t\t\t\t<div class=\"elementor-element elementor-element-5564c401 elementor-widget-divider--view-line elementor-widget elementor-widget-divider\" data-id=\"5564c401\" data-element_type=\"widget\" data-widget_type=\"divider.default\">\n\t\t\t\t<div class=\"elementor-widget-container\">\n\t\t\t\t\t<div class=\"elementor-divider\">\n\t\t\t<span class=\"elementor-divider-separator\">\n\t\t\t\t\t\t<\/span>\n\t\t<\/div>\n\t\t\t\t<\/div>\n\t\t\t\t<\/div>\n\t\t\t\t<div class=\"elementor-element elementor-element-7fe991c0 elementor-widget elementor-widget-text-editor\" data-id=\"7fe991c0\" data-element_type=\"widget\" data-widget_type=\"text-editor.default\">\n\t\t\t\t<div class=\"elementor-widget-container\">\n\t\t\t\t\t\t\t<div id=\"roberto-text-right\" class=\"wpb_column hcode-column-container col-lg-2 col-xs-mobile-fullwidth col-sm-12\"><div class=\"vc-column-innner-wrapper\"><p><span style=\"font-weight: 400;\">The climate is desert and continental with well-defined seasons throughout the year. Scarce rainfall, less than 200 mm per year, makes it necessary to irrigate. It is there where the viticulture of the region is especially unique: Traditional irrigation carried out in the past by local indigenous people, and now in the hands of artisan winegrowers, allows phylloxera to be controlled with free-standing vineyards and to achieve adequate vigor; as well as the level of performance and concentration desired.<\/span><\/p><\/div><\/div>\t\t\t\t\t\t<\/div>\n\t\t\t\t<\/div>\n\t\t\t\t\t<\/div>\n\t\t<\/div>\n\t\t\t\t<div class=\"elementor-column elementor-col-33 elementor-top-column elementor-element elementor-element-3d372f23\" data-id=\"3d372f23\" data-element_type=\"column\" data-settings=\"{&quot;background_background&quot;:&quot;classic&quot;}\">\n\t\t\t<div class=\"elementor-widget-wrap elementor-element-populated\">\n\t\t\t\t\t<div class=\"elementor-background-overlay\"><\/div>\n\t\t\t\t\t\t\t\t<div class=\"elementor-element elementor-element-593cf62c elementor-widget elementor-widget-heading\" data-id=\"593cf62c\" data-element_type=\"widget\" data-widget_type=\"heading.default\">\n\t\t\t\t<div class=\"elementor-widget-container\">\n\t\t\t<h2 class=\"elementor-heading-title elementor-size-default\">Location<\/h2>\t\t<\/div>\n\t\t\t\t<\/div>\n\t\t\t\t<div class=\"elementor-element elementor-element-51fef8c0 elementor-widget-divider--view-line elementor-widget elementor-widget-divider\" data-id=\"51fef8c0\" data-element_type=\"widget\" data-widget_type=\"divider.default\">\n\t\t\t\t<div class=\"elementor-widget-container\">\n\t\t\t\t\t<div class=\"elementor-divider\">\n\t\t\t<span class=\"elementor-divider-separator\">\n\t\t\t\t\t\t<\/span>\n\t\t<\/div>\n\t\t\t\t<\/div>\n\t\t\t\t<\/div>\n\t\t\t\t<div class=\"elementor-element elementor-element-19df73bc elementor-widget elementor-widget-text-editor\" data-id=\"19df73bc\" data-element_type=\"widget\" data-widget_type=\"text-editor.default\">\n\t\t\t\t<div class=\"elementor-widget-container\">\n\t\t\t\t\t\t\t<div id=\"roberto-text-right\" class=\"wpb_column hcode-column-container col-lg-2 col-xs-mobile-fullwidth col-sm-12\"><div class=\"vc-column-innner-wrapper\"><p><span style=\"font-weight: 400;\">Our old 1928 Malbec and Cabernet Sauvignon vineyards are located in Perdriel and Mayor Drummond, Luj\u00e1n de Cuyo.<\/span><span style=\"font-weight: 400;\"><br \/><\/span><span style=\"font-weight: 400;\">We also have Cabernet Franc, Semillon, Petit Verdot, Malbec and Cabernet Sauvignon in our Finca Remota vineyards located in Paraje Altamira, Valle de Uco. Our vineyards are located between 900 and 1,150 meters above sea level, in the best and highest irrigated lands of Luj\u00e1n de Cuyo and Valle de Uco, Mendoza.<\/span><\/p><\/div><\/div>\t\t\t\t\t\t<\/div>\n\t\t\t\t<\/div>\n\t\t\t\t\t<\/div>\n\t\t<\/div>\n\t\t\t\t<div class=\"elementor-column elementor-col-33 elementor-top-column elementor-element elementor-element-47ad2d13\" data-id=\"47ad2d13\" data-element_type=\"column\" data-settings=\"{&quot;background_background&quot;:&quot;classic&quot;}\">\n\t\t\t<div class=\"elementor-widget-wrap elementor-element-populated\">\n\t\t\t\t\t<div class=\"elementor-background-overlay\"><\/div>\n\t\t\t\t\t\t\t\t<div class=\"elementor-element elementor-element-1447bc7 elementor-widget elementor-widget-heading\" data-id=\"1447bc7\" data-element_type=\"widget\" data-widget_type=\"heading.default\">\n\t\t\t\t<div class=\"elementor-widget-container\">\n\t\t\t<h2 class=\"elementor-heading-title elementor-size-default\">Soils<\/h2>\t\t<\/div>\n\t\t\t\t<\/div>\n\t\t\t\t<div class=\"elementor-element elementor-element-102dce33 elementor-widget-divider--view-line elementor-widget elementor-widget-divider\" data-id=\"102dce33\" data-element_type=\"widget\" data-widget_type=\"divider.default\">\n\t\t\t\t<div class=\"elementor-widget-container\">\n\t\t\t\t\t<div class=\"elementor-divider\">\n\t\t\t<span class=\"elementor-divider-separator\">\n\t\t\t\t\t\t<\/span>\n\t\t<\/div>\n\t\t\t\t<\/div>\n\t\t\t\t<\/div>\n\t\t\t\t<div class=\"elementor-element elementor-element-5257f6aa elementor-widget elementor-widget-text-editor\" data-id=\"5257f6aa\" data-element_type=\"widget\" data-widget_type=\"text-editor.default\">\n\t\t\t\t<div class=\"elementor-widget-container\">\n\t\t\t\t\t\t\t<div id=\"roberto-text-right\" class=\"wpb_column hcode-column-container col-lg-2 col-xs-mobile-fullwidth col-sm-12\"><div class=\"vc-column-innner-wrapper\"><p>The soils are of alluvial origin formed with materials from the Andes Mountains. Very stony, highly permeable, with little content of nitrogen and organic matter, rich in potassium; They are soils that give rise to low to medium vigor vineyards but that allow reaching high levels of concentration and intensity in their grapes.<\/p><\/div><\/div>\t\t\t\t\t\t<\/div>\n\t\t\t\t<\/div>\n\t\t\t\t\t<\/div>\n\t\t<\/div>\n\t\t\t\t\t\t\t<\/div>\n\t\t<\/section>\n\t\t\t\t<section class=\"elementor-section elementor-top-section elementor-element elementor-element-1ede1b39 elementor-section-boxed elementor-section-height-default elementor-section-height-default\" data-id=\"1ede1b39\" data-element_type=\"section\" data-settings=\"{&quot;background_background&quot;:&quot;classic&quot;}\">\n\t\t\t\t\t\t\t<div class=\"elementor-background-overlay\"><\/div>\n\t\t\t\t\t\t\t<div class=\"elementor-container elementor-column-gap-default\">\n\t\t\t\t\t<div class=\"elementor-column elementor-col-100 elementor-top-column elementor-element elementor-element-3c0084e4\" data-id=\"3c0084e4\" data-element_type=\"column\">\n\t\t\t<div class=\"elementor-widget-wrap elementor-element-populated\">\n\t\t\t\t\t\t\t\t<div class=\"elementor-element elementor-element-77f438c5 elementor-widget elementor-widget-heading\" data-id=\"77f438c5\" data-element_type=\"widget\" data-widget_type=\"heading.default\">\n\t\t\t\t<div class=\"elementor-widget-container\">\n\t\t\t<h2 class=\"elementor-heading-title elementor-size-default\">Vineyards<\/h2>\t\t<\/div>\n\t\t\t\t<\/div>\n\t\t\t\t<div class=\"elementor-element elementor-element-206a2b06 elementor-widget-divider--view-line elementor-widget elementor-widget-divider\" data-id=\"206a2b06\" data-element_type=\"widget\" data-widget_type=\"divider.default\">\n\t\t\t\t<div class=\"elementor-widget-container\">\n\t\t\t\t\t<div class=\"elementor-divider\">\n\t\t\t<span class=\"elementor-divider-separator\">\n\t\t\t\t\t\t<\/span>\n\t\t<\/div>\n\t\t\t\t<\/div>\n\t\t\t\t<\/div>\n\t\t\t\t\t<\/div>\n\t\t<\/div>\n\t\t\t\t\t\t\t<\/div>\n\t\t<\/section>\n\t\t\t\t<section class=\"elementor-section elementor-top-section elementor-element elementor-element-121c6afe elementor-section-full_width elementor-section-content-middle elementor-section-height-default elementor-section-height-default\" data-id=\"121c6afe\" data-element_type=\"section\" data-settings=\"{&quot;background_background&quot;:&quot;classic&quot;}\">\n\t\t\t\t\t\t<div class=\"elementor-container elementor-column-gap-default\">\n\t\t\t\t\t<div class=\"elementor-column elementor-col-50 elementor-top-column elementor-element elementor-element-7deebacc\" data-id=\"7deebacc\" data-element_type=\"column\" data-settings=\"{&quot;background_background&quot;:&quot;classic&quot;}\">\n\t\t\t<div class=\"elementor-widget-wrap elementor-element-populated\">\n\t\t\t\t\t\t\t\t<div class=\"elementor-element elementor-element-37dd051f elementor-widget elementor-widget-heading\" data-id=\"37dd051f\" data-element_type=\"widget\" data-widget_type=\"heading.default\">\n\t\t\t\t<div class=\"elementor-widget-container\">\n\t\t\t<h2 class=\"elementor-heading-title elementor-size-default\">FINCA MENDEL<\/h2>\t\t<\/div>\n\t\t\t\t<\/div>\n\t\t\t\t<div class=\"elementor-element elementor-element-751659ed elementor-widget elementor-widget-heading\" data-id=\"751659ed\" data-element_type=\"widget\" data-widget_type=\"heading.default\">\n\t\t\t\t<div class=\"elementor-widget-container\">\n\t\t\t<h2 class=\"elementor-heading-title elementor-size-default\">Mayor Drummond<\/h2>\t\t<\/div>\n\t\t\t\t<\/div>\n\t\t\t\t<div class=\"elementor-element elementor-element-51879727 elementor-widget elementor-widget-heading\" data-id=\"51879727\" data-element_type=\"widget\" data-widget_type=\"heading.default\">\n\t\t\t\t<div class=\"elementor-widget-container\">\n\t\t\t<h2 class=\"elementor-heading-title elementor-size-default\">Luj\u00e1n de Cuyo\n<\/h2>\t\t<\/div>\n\t\t\t\t<\/div>\n\t\t\t\t<div class=\"elementor-element elementor-element-11518104 elementor-widget elementor-widget-text-editor\" data-id=\"11518104\" data-element_type=\"widget\" data-widget_type=\"text-editor.default\">\n\t\t\t\t<div class=\"elementor-widget-container\">\n\t\t\t\t\t\t\t<div id=\"roberto-text-right\" class=\"wpb_column hcode-column-container col-lg-2 col-xs-mobile-fullwidth col-sm-12\"><div class=\"vc-column-innner-wrapper\"><p><span style=\"font-weight: 400;\">It is located in Mayor Drummond, Luj\u00e1n de Cuyo, at 950 meters above sea level. It has a sandy loam and calcareous soil of alluvial origin, with good drainage. The climate is cold in winter and mild in summer, with a temperature range of 15 \u00b0C between day and night, which allows us to have optimum maturity. The average annual rainfall is 200 mm. We have 4 plots with drip irrigation and the rest with surface irrigation. Here are 11 hectares of massal selection Malbec planted in 1928; 2 hectares of Petit Verdot (both trellised varieties) and a small Tempranillo vineyard.<\/span><\/p><\/div><\/div>\t\t\t\t\t\t<\/div>\n\t\t\t\t<\/div>\n\t\t\t\t\t<\/div>\n\t\t<\/div>\n\t\t\t\t<div class=\"elementor-column elementor-col-50 elementor-top-column elementor-element elementor-element-7abaca10\" data-id=\"7abaca10\" data-element_type=\"column\" data-settings=\"{&quot;background_background&quot;:&quot;slideshow&quot;,&quot;background_slideshow_gallery&quot;:[{&quot;id&quot;:118,&quot;url&quot;:&quot;https:\\\/\\\/mendel.com.ar\\\/wp-content\\\/uploads\\\/2022\\\/04\\\/finca-mendel-1.jpg&quot;}],&quot;background_slideshow_loop&quot;:&quot;yes&quot;,&quot;background_slideshow_slide_duration&quot;:5000,&quot;background_slideshow_slide_transition&quot;:&quot;fade&quot;,&quot;background_slideshow_transition_duration&quot;:500}\">\n\t\t\t<div class=\"elementor-widget-wrap elementor-element-populated\">\n\t\t\t\t\t\t\t\t<section class=\"elementor-section elementor-inner-section elementor-element elementor-element-0c2b22f elementor-section-boxed elementor-section-height-default elementor-section-height-default\" data-id=\"0c2b22f\" data-element_type=\"section\">\n\t\t\t\t\t\t<div class=\"elementor-container elementor-column-gap-default\">\n\t\t\t\t\t<div class=\"elementor-column elementor-col-50 elementor-inner-column elementor-element elementor-element-351b007\" data-id=\"351b007\" data-element_type=\"column\">\n\t\t\t<div class=\"elementor-widget-wrap\">\n\t\t\t\t\t\t\t\t\t<\/div>\n\t\t<\/div>\n\t\t\t\t<div class=\"elementor-column elementor-col-50 elementor-inner-column elementor-element elementor-element-b46d311\" data-id=\"b46d311\" data-element_type=\"column\">\n\t\t\t<div class=\"elementor-widget-wrap\">\n\t\t\t\t\t\t\t\t\t<\/div>\n\t\t<\/div>\n\t\t\t\t\t\t\t<\/div>\n\t\t<\/section>\n\t\t\t\t\t<\/div>\n\t\t<\/div>\n\t\t\t\t\t\t\t<\/div>\n\t\t<\/section>\n\t\t\t\t<section class=\"elementor-section elementor-top-section elementor-element elementor-element-5d704b16 elementor-section-full_width elementor-section-content-middle elementor-reverse-mobile elementor-section-height-default elementor-section-height-default\" data-id=\"5d704b16\" data-element_type=\"section\" data-settings=\"{&quot;background_background&quot;:&quot;classic&quot;}\">\n\t\t\t\t\t\t<div class=\"elementor-container elementor-column-gap-default\">\n\t\t\t\t\t<div class=\"elementor-column elementor-col-50 elementor-top-column elementor-element elementor-element-7abad14b\" data-id=\"7abad14b\" data-element_type=\"column\" data-settings=\"{&quot;background_background&quot;:&quot;slideshow&quot;,&quot;background_slideshow_gallery&quot;:[{&quot;id&quot;:117,&quot;url&quot;:&quot;https:\\\/\\\/mendel.com.ar\\\/wp-content\\\/uploads\\\/2022\\\/04\\\/finca-de-los-andes-1.jpg&quot;}],&quot;background_slideshow_loop&quot;:&quot;yes&quot;,&quot;background_slideshow_slide_duration&quot;:5000,&quot;background_slideshow_slide_transition&quot;:&quot;fade&quot;,&quot;background_slideshow_transition_duration&quot;:500}\">\n\t\t\t<div class=\"elementor-widget-wrap elementor-element-populated\">\n\t\t\t\t\t\t\t\t<section class=\"elementor-section elementor-inner-section elementor-element elementor-element-f14bb49 elementor-reverse-mobile elementor-section-boxed elementor-section-height-default elementor-section-height-default\" data-id=\"f14bb49\" data-element_type=\"section\">\n\t\t\t\t\t\t<div class=\"elementor-container elementor-column-gap-default\">\n\t\t\t\t\t<div class=\"elementor-column elementor-col-50 elementor-inner-column elementor-element elementor-element-5f93914\" data-id=\"5f93914\" data-element_type=\"column\">\n\t\t\t<div class=\"elementor-widget-wrap\">\n\t\t\t\t\t\t\t\t\t<\/div>\n\t\t<\/div>\n\t\t\t\t<div class=\"elementor-column elementor-col-50 elementor-inner-column elementor-element elementor-element-1036697\" data-id=\"1036697\" data-element_type=\"column\">\n\t\t\t<div class=\"elementor-widget-wrap\">\n\t\t\t\t\t\t\t\t\t<\/div>\n\t\t<\/div>\n\t\t\t\t\t\t\t<\/div>\n\t\t<\/section>\n\t\t\t\t\t<\/div>\n\t\t<\/div>\n\t\t\t\t<div class=\"elementor-column elementor-col-50 elementor-top-column elementor-element elementor-element-7591ff26\" data-id=\"7591ff26\" data-element_type=\"column\" data-settings=\"{&quot;background_background&quot;:&quot;classic&quot;}\">\n\t\t\t<div class=\"elementor-widget-wrap elementor-element-populated\">\n\t\t\t\t\t\t\t\t<div class=\"elementor-element elementor-element-4426939e elementor-widget elementor-widget-heading\" data-id=\"4426939e\" data-element_type=\"widget\" data-widget_type=\"heading.default\">\n\t\t\t\t<div class=\"elementor-widget-container\">\n\t\t\t<h2 class=\"elementor-heading-title elementor-size-default\">FINCA DE LOS ANDES<\/h2>\t\t<\/div>\n\t\t\t\t<\/div>\n\t\t\t\t<div class=\"elementor-element elementor-element-6301852d elementor-widget elementor-widget-heading\" data-id=\"6301852d\" data-element_type=\"widget\" data-widget_type=\"heading.default\">\n\t\t\t\t<div class=\"elementor-widget-container\">\n\t\t\t<h2 class=\"elementor-heading-title elementor-size-default\">Perdriel<\/h2>\t\t<\/div>\n\t\t\t\t<\/div>\n\t\t\t\t<div class=\"elementor-element elementor-element-5f5d353c elementor-widget elementor-widget-heading\" data-id=\"5f5d353c\" data-element_type=\"widget\" data-widget_type=\"heading.default\">\n\t\t\t\t<div class=\"elementor-widget-container\">\n\t\t\t<h2 class=\"elementor-heading-title elementor-size-default\">Luj\u00e1n de Cuyo\n<\/h2>\t\t<\/div>\n\t\t\t\t<\/div>\n\t\t\t\t<div class=\"elementor-element elementor-element-39f65188 elementor-widget elementor-widget-text-editor\" data-id=\"39f65188\" data-element_type=\"widget\" data-widget_type=\"text-editor.default\">\n\t\t\t\t<div class=\"elementor-widget-container\">\n\t\t\t\t\t\t\t<div id=\"roberto-text-right\" class=\"wpb_column hcode-column-container col-lg-2 col-xs-mobile-fullwidth col-sm-12\"><div class=\"vc-column-innner-wrapper\"><p><span style=\"font-weight: 400;\">It is located in Perdriel, Luj\u00e1n de Cuyo, at 1,050 meters above sea level. It has loam-loam-clay soil with the presence of stone that favors drainage; It is of alluvial origin.<\/span><\/p><p>The climate is cold in winter, with occasional snowfall, and mild in summer, but with cool nights. The average annual rainfall is 230 mm. The entire farm has drip irrigation that allows us to use and make efficient use of water. Vines: we have 4 hectares of Malbec and 2 hectares of Cabernet Sauvignon, all trellised.<\/p><\/div><\/div>\t\t\t\t\t\t<\/div>\n\t\t\t\t<\/div>\n\t\t\t\t\t<\/div>\n\t\t<\/div>\n\t\t\t\t\t\t\t<\/div>\n\t\t<\/section>\n\t\t\t\t<section class=\"elementor-section elementor-top-section elementor-element elementor-element-204b24d2 elementor-section-full_width elementor-section-content-middle elementor-section-height-default elementor-section-height-default\" data-id=\"204b24d2\" data-element_type=\"section\" data-settings=\"{&quot;background_background&quot;:&quot;classic&quot;}\">\n\t\t\t\t\t\t<div class=\"elementor-container elementor-column-gap-default\">\n\t\t\t\t\t<div class=\"elementor-column elementor-col-50 elementor-top-column elementor-element elementor-element-24856106\" data-id=\"24856106\" data-element_type=\"column\" data-settings=\"{&quot;background_background&quot;:&quot;classic&quot;}\">\n\t\t\t<div class=\"elementor-widget-wrap elementor-element-populated\">\n\t\t\t\t\t\t\t\t<div class=\"elementor-element elementor-element-50a6f057 elementor-widget elementor-widget-heading\" data-id=\"50a6f057\" data-element_type=\"widget\" data-widget_type=\"heading.default\">\n\t\t\t\t<div class=\"elementor-widget-container\">\n\t\t\t<h2 class=\"elementor-heading-title elementor-size-default\">FINCA REMOTA\n<\/h2>\t\t<\/div>\n\t\t\t\t<\/div>\n\t\t\t\t<div class=\"elementor-element elementor-element-709b4da7 elementor-widget elementor-widget-heading\" data-id=\"709b4da7\" data-element_type=\"widget\" data-widget_type=\"heading.default\">\n\t\t\t\t<div class=\"elementor-widget-container\">\n\t\t\t<h2 class=\"elementor-heading-title elementor-size-default\">Paraje Altamira\n<\/h2>\t\t<\/div>\n\t\t\t\t<\/div>\n\t\t\t\t<div class=\"elementor-element elementor-element-359e2639 elementor-widget elementor-widget-heading\" data-id=\"359e2639\" data-element_type=\"widget\" data-widget_type=\"heading.default\">\n\t\t\t\t<div class=\"elementor-widget-container\">\n\t\t\t<h2 class=\"elementor-heading-title elementor-size-default\">Valle de Uco\n<\/h2>\t\t<\/div>\n\t\t\t\t<\/div>\n\t\t\t\t<div class=\"elementor-element elementor-element-5b62adab elementor-widget elementor-widget-text-editor\" data-id=\"5b62adab\" data-element_type=\"widget\" data-widget_type=\"text-editor.default\">\n\t\t\t\t<div class=\"elementor-widget-container\">\n\t\t\t\t\t\t\t<div id=\"roberto-text-right\" class=\"wpb_column hcode-column-container col-lg-2 col-xs-mobile-fullwidth col-sm-12\"><div class=\"vc-column-innner-wrapper\"><p><span style=\"font-weight: 400;\">It is located in Altamira, Valle de Uco at 1,040 meters above sea level. It has a sandy and stony loam soil, very loose and of alluvial origin. The climate is cold in winter with occasional snowfalls, and mild in summer with cold nights; there is a large daily thermal amplitude. The average annual rainfall is 170 mm. The first part of this farm is small and old, planted in 1947, from where we produce our \u201cMendel Semill\u00f3n\u201d and \u201cMalbec Finca Remota\u201d. Irrigation is superficial and the conduction is in low trellis, with yields lower than 40 qq per ha. In the second part we have modern management with medium-height trellises and drip irrigation. In this farm we currently have<\/span><b>\u00a0<\/b><span style=\"font-weight: 400;\">8 has de Malbec, 3 has de Cabernet Sauvignon, 2 ha de Semill\u00f3n, 2 has de Cabernet Franc y 2 has de Petit Verdot.<\/span><\/p><\/div><\/div>\t\t\t\t\t\t<\/div>\n\t\t\t\t<\/div>\n\t\t\t\t\t<\/div>\n\t\t<\/div>\n\t\t\t\t<div class=\"elementor-column elementor-col-50 elementor-top-column elementor-element elementor-element-512dd7eb\" data-id=\"512dd7eb\" data-element_type=\"column\" data-settings=\"{&quot;background_background&quot;:&quot;slideshow&quot;,&quot;background_slideshow_gallery&quot;:[{&quot;id&quot;:119,&quot;url&quot;:&quot;https:\\\/\\\/mendel.com.ar\\\/wp-content\\\/uploads\\\/2022\\\/04\\\/finca-remota.jpg&quot;}],&quot;background_slideshow_loop&quot;:&quot;yes&quot;,&quot;background_slideshow_slide_duration&quot;:5000,&quot;background_slideshow_slide_transition&quot;:&quot;fade&quot;,&quot;background_slideshow_transition_duration&quot;:500}\">\n\t\t\t<div class=\"elementor-widget-wrap elementor-element-populated\">\n\t\t\t\t\t\t\t\t<section class=\"elementor-section elementor-inner-section elementor-element elementor-element-2dbeeaa elementor-section-boxed elementor-section-height-default elementor-section-height-default\" data-id=\"2dbeeaa\" data-element_type=\"section\">\n\t\t\t\t\t\t<div class=\"elementor-container elementor-column-gap-default\">\n\t\t\t\t\t<div class=\"elementor-column elementor-col-50 elementor-inner-column elementor-element elementor-element-dd26dd6\" data-id=\"dd26dd6\" data-element_type=\"column\">\n\t\t\t<div class=\"elementor-widget-wrap\">\n\t\t\t\t\t\t\t\t\t<\/div>\n\t\t<\/div>\n\t\t\t\t<div class=\"elementor-column elementor-col-50 elementor-inner-column elementor-element elementor-element-78b4211\" data-id=\"78b4211\" data-element_type=\"column\">\n\t\t\t<div class=\"elementor-widget-wrap\">\n\t\t\t\t\t\t\t\t\t<\/div>\n\t\t<\/div>\n\t\t\t\t\t\t\t<\/div>\n\t\t<\/section>\n\t\t\t\t\t<\/div>\n\t\t<\/div>\n\t\t\t\t\t\t\t<\/div>\n\t\t<\/section>\n\t\t\t\t<section class=\"elementor-section elementor-top-section elementor-element elementor-element-c3e7bc7 elementor-section-boxed elementor-section-height-default elementor-section-height-default\" data-id=\"c3e7bc7\" data-element_type=\"section\">\n\t\t\t\t\t\t<div class=\"elementor-container elementor-column-gap-default\">\n\t\t\t\t\t<div class=\"elementor-column elementor-col-100 elementor-top-column elementor-element elementor-element-1748203\" data-id=\"1748203\" data-element_type=\"column\">\n\t\t\t<div class=\"elementor-widget-wrap elementor-element-populated\">\n\t\t\t\t\t\t\t\t<div class=\"elementor-element elementor-element-1c73d97 elementor-widget elementor-widget-image\" data-id=\"1c73d97\" data-element_type=\"widget\" data-widget_type=\"image.default\">\n\t\t\t\t<div class=\"elementor-widget-container\">\n\t\t\t\t\t\t\t\t\t\t\t\t\t\t\t<img loading=\"lazy\" decoding=\"async\" width=\"2560\" height=\"1812\" src=\"https:\/\/mendel.com.ar\/wp-content\/uploads\/2026\/03\/Mapa-de-Argentina-opcion-6-version-definitiva-scaled.jpg\" class=\"attachment-full size-full wp-image-6351\" alt=\"\" srcset=\"https:\/\/mendel.com.ar\/wp-content\/uploads\/2026\/03\/Mapa-de-Argentina-opcion-6-version-definitiva-scaled.jpg 2560w, https:\/\/mendel.com.ar\/wp-content\/uploads\/2026\/03\/Mapa-de-Argentina-opcion-6-version-definitiva-300x212.jpg 300w, https:\/\/mendel.com.ar\/wp-content\/uploads\/2026\/03\/Mapa-de-Argentina-opcion-6-version-definitiva-768x544.jpg 768w, https:\/\/mendel.com.ar\/wp-content\/uploads\/2026\/03\/Mapa-de-Argentina-opcion-6-version-definitiva-1536x1087.jpg 1536w, https:\/\/mendel.com.ar\/wp-content\/uploads\/2026\/03\/Mapa-de-Argentina-opcion-6-version-definitiva-2048x1449.jpg 2048w, https:\/\/mendel.com.ar\/wp-content\/uploads\/2026\/03\/Mapa-de-Argentina-opcion-6-version-definitiva-18x12.jpg 18w, https:\/\/mendel.com.ar\/wp-content\/uploads\/2026\/03\/Mapa-de-Argentina-opcion-6-version-definitiva-1200x849.jpg 1200w, https:\/\/mendel.com.ar\/wp-content\/uploads\/2026\/03\/Mapa-de-Argentina-opcion-6-version-definitiva-1980x1401.jpg 1980w, https:\/\/mendel.com.ar\/wp-content\/uploads\/2026\/03\/Mapa-de-Argentina-opcion-6-version-definitiva-600x425.jpg 600w\" sizes=\"auto, (max-width: 2560px) 100vw, 2560px\" \/>\t\t\t\t\t\t\t\t\t\t\t\t\t\t\t<\/div>\n\t\t\t\t<\/div>\n\t\t\t\t\t<\/div>\n\t\t<\/div>\n\t\t\t\t\t\t\t<\/div>\n\t\t<\/section>\n\t\t\t\t<section class=\"elementor-section elementor-top-section elementor-element elementor-element-100c29cc elementor-section-content-bottom elementor-section-boxed elementor-section-height-default elementor-section-height-default\" data-id=\"100c29cc\" data-element_type=\"section\" data-settings=\"{&quot;background_background&quot;:&quot;classic&quot;}\">\n\t\t\t\t\t\t\t<div class=\"elementor-background-overlay\"><\/div>\n\t\t\t\t\t\t\t<div class=\"elementor-container elementor-column-gap-default\">\n\t\t\t\t\t<div class=\"elementor-column elementor-col-100 elementor-top-column elementor-element elementor-element-53e599b2\" data-id=\"53e599b2\" data-element_type=\"column\">\n\t\t\t<div class=\"elementor-widget-wrap elementor-element-populated\">\n\t\t\t\t\t\t\t\t<div class=\"elementor-element elementor-element-22c2253 elementor-widget elementor-widget-heading\" data-id=\"22c2253\" data-element_type=\"widget\" data-widget_type=\"heading.default\">\n\t\t\t\t<div class=\"elementor-widget-container\">\n\t\t\t<h2 class=\"elementor-heading-title elementor-size-default\">Our People<\/h2>\t\t<\/div>\n\t\t\t\t<\/div>\n\t\t\t\t<div class=\"elementor-element elementor-element-673951ec elementor-widget-divider--view-line elementor-widget elementor-widget-divider\" data-id=\"673951ec\" data-element_type=\"widget\" data-widget_type=\"divider.default\">\n\t\t\t\t<div class=\"elementor-widget-container\">\n\t\t\t\t\t<div class=\"elementor-divider\">\n\t\t\t<span class=\"elementor-divider-separator\">\n\t\t\t\t\t\t<\/span>\n\t\t<\/div>\n\t\t\t\t<\/div>\n\t\t\t\t<\/div>\n\t\t\t\t\t<\/div>\n\t\t<\/div>\n\t\t\t\t\t\t\t<\/div>\n\t\t<\/section>\n\t\t\t\t<section class=\"elementor-section elementor-top-section elementor-element elementor-element-64d92bb8 elementor-section-boxed elementor-section-height-default elementor-section-height-default\" data-id=\"64d92bb8\" data-element_type=\"section\" data-settings=\"{&quot;background_background&quot;:&quot;classic&quot;}\">\n\t\t\t\t\t\t\t<div class=\"elementor-background-overlay\"><\/div>\n\t\t\t\t\t\t\t<div class=\"elementor-container elementor-column-gap-default\">\n\t\t\t\t\t<div class=\"elementor-column elementor-col-25 elementor-top-column elementor-element elementor-element-1a4bf1a1\" data-id=\"1a4bf1a1\" data-element_type=\"column\">\n\t\t\t<div class=\"elementor-widget-wrap elementor-element-populated\">\n\t\t\t\t\t\t\t\t<div class=\"elementor-element elementor-element-4d06b6e elementor-widget elementor-widget-image\" data-id=\"4d06b6e\" data-element_type=\"widget\" data-widget_type=\"image.default\">\n\t\t\t\t<div class=\"elementor-widget-container\">\n\t\t\t\t\t\t\t\t\t\t\t\t\t\t\t<img loading=\"lazy\" decoding=\"async\" width=\"500\" height=\"500\" src=\"https:\/\/mendel.com.ar\/wp-content\/uploads\/2022\/04\/Mesa-de-trabajo-10.jpg\" class=\"attachment-large size-large wp-image-147\" alt=\"\" srcset=\"https:\/\/mendel.com.ar\/wp-content\/uploads\/2022\/04\/Mesa-de-trabajo-10.jpg 500w, https:\/\/mendel.com.ar\/wp-content\/uploads\/2022\/04\/Mesa-de-trabajo-10-300x300.jpg 300w, https:\/\/mendel.com.ar\/wp-content\/uploads\/2022\/04\/Mesa-de-trabajo-10-150x150.jpg 150w\" sizes=\"auto, (max-width: 500px) 100vw, 500px\" \/>\t\t\t\t\t\t\t\t\t\t\t\t\t\t\t<\/div>\n\t\t\t\t<\/div>\n\t\t\t\t<div class=\"elementor-element elementor-element-1064c20e elementor-widget elementor-widget-heading\" data-id=\"1064c20e\" data-element_type=\"widget\" data-widget_type=\"heading.default\">\n\t\t\t\t<div class=\"elementor-widget-container\">\n\t\t\t<h2 class=\"elementor-heading-title elementor-size-default\">Roberto de La Mota<\/h2>\t\t<\/div>\n\t\t\t\t<\/div>\n\t\t\t\t<div class=\"elementor-element elementor-element-7f7645ae elementor-widget elementor-widget-heading\" data-id=\"7f7645ae\" data-element_type=\"widget\" data-widget_type=\"heading.default\">\n\t\t\t\t<div class=\"elementor-widget-container\">\n\t\t\t<h2 class=\"elementor-heading-title elementor-size-default\">Winemaker &amp; Partner<\/h2>\t\t<\/div>\n\t\t\t\t<\/div>\n\t\t\t\t\t<\/div>\n\t\t<\/div>\n\t\t\t\t<div class=\"elementor-column elementor-col-25 elementor-top-column elementor-element elementor-element-616decc0\" data-id=\"616decc0\" data-element_type=\"column\">\n\t\t\t<div class=\"elementor-widget-wrap elementor-element-populated\">\n\t\t\t\t\t\t\t\t<div class=\"elementor-element elementor-element-1359aa9 elementor-widget elementor-widget-image\" data-id=\"1359aa9\" data-element_type=\"widget\" data-widget_type=\"image.default\">\n\t\t\t\t<div class=\"elementor-widget-container\">\n\t\t\t\t\t\t\t\t\t\t\t\t\t\t\t<img loading=\"lazy\" decoding=\"async\" width=\"500\" height=\"500\" src=\"https:\/\/mendel.com.ar\/wp-content\/uploads\/2022\/04\/anabelle-1.jpg\" class=\"attachment-large size-large wp-image-130\" alt=\"\" srcset=\"https:\/\/mendel.com.ar\/wp-content\/uploads\/2022\/04\/anabelle-1.jpg 500w, https:\/\/mendel.com.ar\/wp-content\/uploads\/2022\/04\/anabelle-1-300x300.jpg 300w, https:\/\/mendel.com.ar\/wp-content\/uploads\/2022\/04\/anabelle-1-150x150.jpg 150w\" sizes=\"auto, (max-width: 500px) 100vw, 500px\" \/>\t\t\t\t\t\t\t\t\t\t\t\t\t\t\t<\/div>\n\t\t\t\t<\/div>\n\t\t\t\t<div class=\"elementor-element elementor-element-2423f4e7 elementor-widget elementor-widget-heading\" data-id=\"2423f4e7\" data-element_type=\"widget\" data-widget_type=\"heading.default\">\n\t\t\t\t<div class=\"elementor-widget-container\">\n\t\t\t<h2 class=\"elementor-heading-title elementor-size-default\">Anabelle Sielecki <\/h2>\t\t<\/div>\n\t\t\t\t<\/div>\n\t\t\t\t<div class=\"elementor-element elementor-element-272b189 elementor-widget elementor-widget-heading\" data-id=\"272b189\" data-element_type=\"widget\" data-widget_type=\"heading.default\">\n\t\t\t\t<div class=\"elementor-widget-container\">\n\t\t\t<h2 class=\"elementor-heading-title elementor-size-default\">Director &amp; Partner<\/h2>\t\t<\/div>\n\t\t\t\t<\/div>\n\t\t\t\t\t<\/div>\n\t\t<\/div>\n\t\t\t\t<div class=\"elementor-column elementor-col-25 elementor-top-column elementor-element elementor-element-7f948d4b\" data-id=\"7f948d4b\" data-element_type=\"column\">\n\t\t\t<div class=\"elementor-widget-wrap elementor-element-populated\">\n\t\t\t\t\t\t\t\t<div class=\"elementor-element elementor-element-1a1aeec0 elementor-widget elementor-widget-image\" data-id=\"1a1aeec0\" data-element_type=\"widget\" data-widget_type=\"image.default\">\n\t\t\t\t<div class=\"elementor-widget-container\">\n\t\t\t\t\t\t\t\t\t\t\t\t\t\t\t<img loading=\"lazy\" decoding=\"async\" width=\"580\" height=\"581\" src=\"https:\/\/mendel.com.ar\/wp-content\/uploads\/2023\/09\/Prueba-imagen-DS.jpg\" class=\"attachment-large size-large wp-image-3360\" alt=\"\" srcset=\"https:\/\/mendel.com.ar\/wp-content\/uploads\/2023\/09\/Prueba-imagen-DS.jpg 1125w, https:\/\/mendel.com.ar\/wp-content\/uploads\/2023\/09\/Prueba-imagen-DS-300x300.jpg 300w, https:\/\/mendel.com.ar\/wp-content\/uploads\/2023\/09\/Prueba-imagen-DS-150x150.jpg 150w, https:\/\/mendel.com.ar\/wp-content\/uploads\/2023\/09\/Prueba-imagen-DS-768x769.jpg 768w, https:\/\/mendel.com.ar\/wp-content\/uploads\/2023\/09\/Prueba-imagen-DS-12x12.jpg 12w, https:\/\/mendel.com.ar\/wp-content\/uploads\/2023\/09\/Prueba-imagen-DS-450x450.jpg 450w, https:\/\/mendel.com.ar\/wp-content\/uploads\/2023\/09\/Prueba-imagen-DS-600x601.jpg 600w, https:\/\/mendel.com.ar\/wp-content\/uploads\/2023\/09\/Prueba-imagen-DS-100x100.jpg 100w\" sizes=\"auto, (max-width: 580px) 100vw, 580px\" \/>\t\t\t\t\t\t\t\t\t\t\t\t\t\t\t<\/div>\n\t\t\t\t<\/div>\n\t\t\t\t<div class=\"elementor-element elementor-element-47dbb3c3 elementor-widget elementor-widget-heading\" data-id=\"47dbb3c3\" data-element_type=\"widget\" data-widget_type=\"heading.default\">\n\t\t\t\t<div class=\"elementor-widget-container\">\n\t\t\t<h2 class=\"elementor-heading-title elementor-size-default\">Diego Surazsky<\/h2>\t\t<\/div>\n\t\t\t\t<\/div>\n\t\t\t\t<div class=\"elementor-element elementor-element-11e8e521 elementor-widget elementor-widget-heading\" data-id=\"11e8e521\" data-element_type=\"widget\" data-widget_type=\"heading.default\">\n\t\t\t\t<div class=\"elementor-widget-container\">\n\t\t\t<h2 class=\"elementor-heading-title elementor-size-default\">General Manager<\/h2>\t\t<\/div>\n\t\t\t\t<\/div>\n\t\t\t\t\t<\/div>\n\t\t<\/div>\n\t\t\t\t<div class=\"elementor-column elementor-col-25 elementor-top-column elementor-element elementor-element-5fa430d7\" data-id=\"5fa430d7\" data-element_type=\"column\">\n\t\t\t<div class=\"elementor-widget-wrap elementor-element-populated\">\n\t\t\t\t\t\t\t\t<div class=\"elementor-element elementor-element-2d37e6a elementor-widget elementor-widget-image\" data-id=\"2d37e6a\" data-element_type=\"widget\" data-widget_type=\"image.default\">\n\t\t\t\t<div class=\"elementor-widget-container\">\n\t\t\t\t\t\t\t\t\t\t\t\t\t\t\t<img loading=\"lazy\" decoding=\"async\" width=\"500\" height=\"500\" src=\"https:\/\/mendel.com.ar\/wp-content\/uploads\/2022\/04\/tatiana.jpg\" class=\"attachment-large size-large wp-image-151\" alt=\"\" srcset=\"https:\/\/mendel.com.ar\/wp-content\/uploads\/2022\/04\/tatiana.jpg 500w, https:\/\/mendel.com.ar\/wp-content\/uploads\/2022\/04\/tatiana-300x300.jpg 300w, https:\/\/mendel.com.ar\/wp-content\/uploads\/2022\/04\/tatiana-150x150.jpg 150w\" sizes=\"auto, (max-width: 500px) 100vw, 500px\" \/>\t\t\t\t\t\t\t\t\t\t\t\t\t\t\t<\/div>\n\t\t\t\t<\/div>\n\t\t\t\t<div class=\"elementor-element elementor-element-fab94f3 elementor-widget elementor-widget-heading\" data-id=\"fab94f3\" data-element_type=\"widget\" data-widget_type=\"heading.default\">\n\t\t\t\t<div class=\"elementor-widget-container\">\n\t\t\t<h2 class=\"elementor-heading-title elementor-size-default\">Tatiana Sielecki<\/h2>\t\t<\/div>\n\t\t\t\t<\/div>\n\t\t\t\t<div class=\"elementor-element elementor-element-a4a29f2 elementor-widget elementor-widget-heading\" data-id=\"a4a29f2\" data-element_type=\"widget\" data-widget_type=\"heading.default\">\n\t\t\t\t<div class=\"elementor-widget-container\">\n\t\t\t<h2 class=\"elementor-heading-title elementor-size-default\">Commercial Director<\/h2>\t\t<\/div>\n\t\t\t\t<\/div>\n\t\t\t\t\t<\/div>\n\t\t<\/div>\n\t\t\t\t\t\t\t<\/div>\n\t\t<\/section>\n\t\t\t\t<section class=\"elementor-section elementor-top-section elementor-element elementor-element-4341f4fc elementor-section-boxed elementor-section-height-default elementor-section-height-default\" data-id=\"4341f4fc\" data-element_type=\"section\" data-settings=\"{&quot;background_background&quot;:&quot;classic&quot;}\">\n\t\t\t\t\t\t<div class=\"elementor-container elementor-column-gap-default\">\n\t\t\t\t\t<div class=\"elementor-column elementor-col-14 elementor-top-column elementor-element elementor-element-766b7833\" data-id=\"766b7833\" data-element_type=\"column\">\n\t\t\t<div class=\"elementor-widget-wrap elementor-element-populated\">\n\t\t\t\t\t\t\t\t<div class=\"elementor-element elementor-element-425a8f4a elementor-widget elementor-widget-image\" data-id=\"425a8f4a\" data-element_type=\"widget\" data-widget_type=\"image.default\">\n\t\t\t\t<div class=\"elementor-widget-container\">\n\t\t\t\t\t\t\t\t\t\t\t\t\t\t\t<img loading=\"lazy\" decoding=\"async\" width=\"580\" height=\"581\" src=\"https:\/\/mendel.com.ar\/wp-content\/uploads\/2024\/11\/Foto-Lourdes-nueva-para-la-web.jpg\" class=\"attachment-large size-large wp-image-5047\" alt=\"\" srcset=\"https:\/\/mendel.com.ar\/wp-content\/uploads\/2024\/11\/Foto-Lourdes-nueva-para-la-web.jpg 774w, https:\/\/mendel.com.ar\/wp-content\/uploads\/2024\/11\/Foto-Lourdes-nueva-para-la-web-300x300.jpg 300w, https:\/\/mendel.com.ar\/wp-content\/uploads\/2024\/11\/Foto-Lourdes-nueva-para-la-web-150x150.jpg 150w, https:\/\/mendel.com.ar\/wp-content\/uploads\/2024\/11\/Foto-Lourdes-nueva-para-la-web-768x770.jpg 768w, https:\/\/mendel.com.ar\/wp-content\/uploads\/2024\/11\/Foto-Lourdes-nueva-para-la-web-12x12.jpg 12w, https:\/\/mendel.com.ar\/wp-content\/uploads\/2024\/11\/Foto-Lourdes-nueva-para-la-web-450x450.jpg 450w, https:\/\/mendel.com.ar\/wp-content\/uploads\/2024\/11\/Foto-Lourdes-nueva-para-la-web-600x602.jpg 600w, https:\/\/mendel.com.ar\/wp-content\/uploads\/2024\/11\/Foto-Lourdes-nueva-para-la-web-100x100.jpg 100w\" sizes=\"auto, (max-width: 580px) 100vw, 580px\" \/>\t\t\t\t\t\t\t\t\t\t\t\t\t\t\t<\/div>\n\t\t\t\t<\/div>\n\t\t\t\t<div class=\"elementor-element elementor-element-5188907d elementor-widget elementor-widget-heading\" data-id=\"5188907d\" data-element_type=\"widget\" data-widget_type=\"heading.default\">\n\t\t\t\t<div class=\"elementor-widget-container\">\n\t\t\t<h2 class=\"elementor-heading-title elementor-size-default\">Lourdes Iankelewich<\/h2>\t\t<\/div>\n\t\t\t\t<\/div>\n\t\t\t\t<div class=\"elementor-element elementor-element-4131cab0 elementor-widget elementor-widget-heading\" data-id=\"4131cab0\" data-element_type=\"widget\" data-widget_type=\"heading.default\">\n\t\t\t\t<div class=\"elementor-widget-container\">\n\t\t\t<h2 class=\"elementor-heading-title elementor-size-default\">Administration and Financial Manager<\/h2>\t\t<\/div>\n\t\t\t\t<\/div>\n\t\t\t\t\t<\/div>\n\t\t<\/div>\n\t\t\t\t<div class=\"elementor-column elementor-col-14 elementor-top-column elementor-element elementor-element-3fdc7e1a\" data-id=\"3fdc7e1a\" data-element_type=\"column\">\n\t\t\t<div class=\"elementor-widget-wrap elementor-element-populated\">\n\t\t\t\t\t\t\t\t<div class=\"elementor-element elementor-element-1df11038 elementor-widget elementor-widget-image\" data-id=\"1df11038\" data-element_type=\"widget\" data-widget_type=\"image.default\">\n\t\t\t\t<div class=\"elementor-widget-container\">\n\t\t\t\t\t\t\t\t\t\t\t\t\t\t\t<img loading=\"lazy\" decoding=\"async\" width=\"580\" height=\"581\" src=\"https:\/\/mendel.com.ar\/wp-content\/uploads\/2024\/07\/Foto-Ezequiel-para-la-web.jpg\" class=\"attachment-large size-large wp-image-4559\" alt=\"\" srcset=\"https:\/\/mendel.com.ar\/wp-content\/uploads\/2024\/07\/Foto-Ezequiel-para-la-web.jpg 1125w, https:\/\/mendel.com.ar\/wp-content\/uploads\/2024\/07\/Foto-Ezequiel-para-la-web-300x300.jpg 300w, https:\/\/mendel.com.ar\/wp-content\/uploads\/2024\/07\/Foto-Ezequiel-para-la-web-150x150.jpg 150w, https:\/\/mendel.com.ar\/wp-content\/uploads\/2024\/07\/Foto-Ezequiel-para-la-web-768x769.jpg 768w, https:\/\/mendel.com.ar\/wp-content\/uploads\/2024\/07\/Foto-Ezequiel-para-la-web-12x12.jpg 12w, https:\/\/mendel.com.ar\/wp-content\/uploads\/2024\/07\/Foto-Ezequiel-para-la-web-450x450.jpg 450w, https:\/\/mendel.com.ar\/wp-content\/uploads\/2024\/07\/Foto-Ezequiel-para-la-web-600x601.jpg 600w, https:\/\/mendel.com.ar\/wp-content\/uploads\/2024\/07\/Foto-Ezequiel-para-la-web-100x100.jpg 100w\" sizes=\"auto, (max-width: 580px) 100vw, 580px\" \/>\t\t\t\t\t\t\t\t\t\t\t\t\t\t\t<\/div>\n\t\t\t\t<\/div>\n\t\t\t\t<div class=\"elementor-element elementor-element-3457ddc9 elementor-widget elementor-widget-heading\" data-id=\"3457ddc9\" data-element_type=\"widget\" data-widget_type=\"heading.default\">\n\t\t\t\t<div class=\"elementor-widget-container\">\n\t\t\t<h2 class=\"elementor-heading-title elementor-size-default\">Ezequiel Materin<\/h2>\t\t<\/div>\n\t\t\t\t<\/div>\n\t\t\t\t<div class=\"elementor-element elementor-element-4aa1849e elementor-widget elementor-widget-heading\" data-id=\"4aa1849e\" data-element_type=\"widget\" data-widget_type=\"heading.default\">\n\t\t\t\t<div class=\"elementor-widget-container\">\n\t\t\t<h2 class=\"elementor-heading-title elementor-size-default\">Brand Ambassador<\/h2>\t\t<\/div>\n\t\t\t\t<\/div>\n\t\t\t\t\t<\/div>\n\t\t<\/div>\n\t\t\t\t<div class=\"elementor-column elementor-col-14 elementor-top-column elementor-element elementor-element-469ef09\" data-id=\"469ef09\" data-element_type=\"column\">\n\t\t\t<div class=\"elementor-widget-wrap elementor-element-populated\">\n\t\t\t\t\t\t\t\t<div class=\"elementor-element elementor-element-0da8f9c elementor-widget elementor-widget-image\" data-id=\"0da8f9c\" data-element_type=\"widget\" data-widget_type=\"image.default\">\n\t\t\t\t<div class=\"elementor-widget-container\">\n\t\t\t\t\t\t\t\t\t\t\t\t\t\t\t<img loading=\"lazy\" decoding=\"async\" width=\"580\" height=\"579\" src=\"https:\/\/mendel.com.ar\/wp-content\/uploads\/2025\/07\/Foto-Agustina-Ronchi-para-la-web-opcion-2.jpg\" class=\"attachment-large size-large wp-image-6148\" alt=\"\" srcset=\"https:\/\/mendel.com.ar\/wp-content\/uploads\/2025\/07\/Foto-Agustina-Ronchi-para-la-web-opcion-2.jpg 1368w, https:\/\/mendel.com.ar\/wp-content\/uploads\/2025\/07\/Foto-Agustina-Ronchi-para-la-web-opcion-2-300x300.jpg 300w, https:\/\/mendel.com.ar\/wp-content\/uploads\/2025\/07\/Foto-Agustina-Ronchi-para-la-web-opcion-2-150x150.jpg 150w, https:\/\/mendel.com.ar\/wp-content\/uploads\/2025\/07\/Foto-Agustina-Ronchi-para-la-web-opcion-2-768x767.jpg 768w, https:\/\/mendel.com.ar\/wp-content\/uploads\/2025\/07\/Foto-Agustina-Ronchi-para-la-web-opcion-2-12x12.jpg 12w, https:\/\/mendel.com.ar\/wp-content\/uploads\/2025\/07\/Foto-Agustina-Ronchi-para-la-web-opcion-2-1200x1198.jpg 1200w, https:\/\/mendel.com.ar\/wp-content\/uploads\/2025\/07\/Foto-Agustina-Ronchi-para-la-web-opcion-2-450x450.jpg 450w, https:\/\/mendel.com.ar\/wp-content\/uploads\/2025\/07\/Foto-Agustina-Ronchi-para-la-web-opcion-2-600x599.jpg 600w, https:\/\/mendel.com.ar\/wp-content\/uploads\/2025\/07\/Foto-Agustina-Ronchi-para-la-web-opcion-2-100x100.jpg 100w\" sizes=\"auto, (max-width: 580px) 100vw, 580px\" \/>\t\t\t\t\t\t\t\t\t\t\t\t\t\t\t<\/div>\n\t\t\t\t<\/div>\n\t\t\t\t<div class=\"elementor-element elementor-element-4435581 elementor-widget elementor-widget-heading\" data-id=\"4435581\" data-element_type=\"widget\" data-widget_type=\"heading.default\">\n\t\t\t\t<div class=\"elementor-widget-container\">\n\t\t\t<h2 class=\"elementor-heading-title elementor-size-default\">Agustina Ronchi<\/h2>\t\t<\/div>\n\t\t\t\t<\/div>\n\t\t\t\t<div class=\"elementor-element elementor-element-1a995ea elementor-widget elementor-widget-heading\" data-id=\"1a995ea\" data-element_type=\"widget\" data-widget_type=\"heading.default\">\n\t\t\t\t<div class=\"elementor-widget-container\">\n\t\t\t<h2 class=\"elementor-heading-title elementor-size-default\">Export Manager<\/h2>\t\t<\/div>\n\t\t\t\t<\/div>\n\t\t\t\t\t<\/div>\n\t\t<\/div>\n\t\t\t\t<div class=\"elementor-column elementor-col-14 elementor-top-column elementor-element elementor-element-35261569\" data-id=\"35261569\" data-element_type=\"column\">\n\t\t\t<div class=\"elementor-widget-wrap elementor-element-populated\">\n\t\t\t\t\t\t\t\t<div class=\"elementor-element elementor-element-4ed0eb61 elementor-widget elementor-widget-image\" data-id=\"4ed0eb61\" data-element_type=\"widget\" data-widget_type=\"image.default\">\n\t\t\t\t<div class=\"elementor-widget-container\">\n\t\t\t\t\t\t\t\t\t\t\t\t\t\t\t<img loading=\"lazy\" decoding=\"async\" width=\"500\" height=\"500\" src=\"https:\/\/mendel.com.ar\/wp-content\/uploads\/2022\/04\/fabricio-cortez-1.jpg\" class=\"attachment-large size-large wp-image-144\" alt=\"\" srcset=\"https:\/\/mendel.com.ar\/wp-content\/uploads\/2022\/04\/fabricio-cortez-1.jpg 500w, https:\/\/mendel.com.ar\/wp-content\/uploads\/2022\/04\/fabricio-cortez-1-300x300.jpg 300w, https:\/\/mendel.com.ar\/wp-content\/uploads\/2022\/04\/fabricio-cortez-1-150x150.jpg 150w\" sizes=\"auto, (max-width: 500px) 100vw, 500px\" \/>\t\t\t\t\t\t\t\t\t\t\t\t\t\t\t<\/div>\n\t\t\t\t<\/div>\n\t\t\t\t<div class=\"elementor-element elementor-element-4e064ab3 elementor-widget elementor-widget-heading\" data-id=\"4e064ab3\" data-element_type=\"widget\" data-widget_type=\"heading.default\">\n\t\t\t\t<div class=\"elementor-widget-container\">\n\t\t\t<h2 class=\"elementor-heading-title elementor-size-default\">Fabricio Cortez<\/h2>\t\t<\/div>\n\t\t\t\t<\/div>\n\t\t\t\t<div class=\"elementor-element elementor-element-7076353c elementor-widget elementor-widget-heading\" data-id=\"7076353c\" data-element_type=\"widget\" data-widget_type=\"heading.default\">\n\t\t\t\t<div class=\"elementor-widget-container\">\n\t\t\t<h2 class=\"elementor-heading-title elementor-size-default\">Warehouse Manager<\/h2>\t\t<\/div>\n\t\t\t\t<\/div>\n\t\t\t\t\t<\/div>\n\t\t<\/div>\n\t\t\t\t<div class=\"elementor-column elementor-col-14 elementor-top-column elementor-element elementor-element-e8ba281\" data-id=\"e8ba281\" data-element_type=\"column\">\n\t\t\t<div class=\"elementor-widget-wrap elementor-element-populated\">\n\t\t\t\t\t\t\t\t<div class=\"elementor-element elementor-element-8f03cf0 elementor-widget elementor-widget-image\" data-id=\"8f03cf0\" data-element_type=\"widget\" data-widget_type=\"image.default\">\n\t\t\t\t<div class=\"elementor-widget-container\">\n\t\t\t\t\t\t\t\t\t\t\t\t\t\t\t<img loading=\"lazy\" decoding=\"async\" width=\"580\" height=\"577\" src=\"https:\/\/mendel.com.ar\/wp-content\/uploads\/2023\/09\/Foto-Gabriel-Ros-para-la-web.jpg\" class=\"attachment-large size-large wp-image-3348\" alt=\"\" srcset=\"https:\/\/mendel.com.ar\/wp-content\/uploads\/2023\/09\/Foto-Gabriel-Ros-para-la-web.jpg 1005w, https:\/\/mendel.com.ar\/wp-content\/uploads\/2023\/09\/Foto-Gabriel-Ros-para-la-web-300x298.jpg 300w, https:\/\/mendel.com.ar\/wp-content\/uploads\/2023\/09\/Foto-Gabriel-Ros-para-la-web-150x150.jpg 150w, https:\/\/mendel.com.ar\/wp-content\/uploads\/2023\/09\/Foto-Gabriel-Ros-para-la-web-768x763.jpg 768w, https:\/\/mendel.com.ar\/wp-content\/uploads\/2023\/09\/Foto-Gabriel-Ros-para-la-web-12x12.jpg 12w, https:\/\/mendel.com.ar\/wp-content\/uploads\/2023\/09\/Foto-Gabriel-Ros-para-la-web-600x596.jpg 600w, https:\/\/mendel.com.ar\/wp-content\/uploads\/2023\/09\/Foto-Gabriel-Ros-para-la-web-100x100.jpg 100w\" sizes=\"auto, (max-width: 580px) 100vw, 580px\" \/>\t\t\t\t\t\t\t\t\t\t\t\t\t\t\t<\/div>\n\t\t\t\t<\/div>\n\t\t\t\t<div class=\"elementor-element elementor-element-d3a6336 elementor-widget elementor-widget-heading\" data-id=\"d3a6336\" data-element_type=\"widget\" data-widget_type=\"heading.default\">\n\t\t\t\t<div class=\"elementor-widget-container\">\n\t\t\t<h2 class=\"elementor-heading-title elementor-size-default\">Gabriel Ros<\/h2>\t\t<\/div>\n\t\t\t\t<\/div>\n\t\t\t\t<div class=\"elementor-element elementor-element-ee71296 elementor-widget elementor-widget-heading\" data-id=\"ee71296\" data-element_type=\"widget\" data-widget_type=\"heading.default\">\n\t\t\t\t<div class=\"elementor-widget-container\">\n\t\t\t<h2 class=\"elementor-heading-title elementor-size-default\">Winemaker<\/h2>\t\t<\/div>\n\t\t\t\t<\/div>\n\t\t\t\t\t<\/div>\n\t\t<\/div>\n\t\t\t\t<div class=\"elementor-column elementor-col-14 elementor-top-column elementor-element elementor-element-9addb6d\" data-id=\"9addb6d\" data-element_type=\"column\">\n\t\t\t<div class=\"elementor-widget-wrap elementor-element-populated\">\n\t\t\t\t\t\t\t\t<div class=\"elementor-element elementor-element-746e3cb elementor-widget elementor-widget-image\" data-id=\"746e3cb\" data-element_type=\"widget\" data-widget_type=\"image.default\">\n\t\t\t\t<div class=\"elementor-widget-container\">\n\t\t\t\t\t\t\t\t\t\t\t\t\t\t\t<img loading=\"lazy\" decoding=\"async\" width=\"500\" height=\"500\" src=\"https:\/\/mendel.com.ar\/wp-content\/uploads\/2022\/04\/valeria-vega.jpg\" class=\"attachment-large size-large wp-image-131\" alt=\"\" srcset=\"https:\/\/mendel.com.ar\/wp-content\/uploads\/2022\/04\/valeria-vega.jpg 500w, https:\/\/mendel.com.ar\/wp-content\/uploads\/2022\/04\/valeria-vega-300x300.jpg 300w, https:\/\/mendel.com.ar\/wp-content\/uploads\/2022\/04\/valeria-vega-150x150.jpg 150w\" sizes=\"auto, (max-width: 500px) 100vw, 500px\" \/>\t\t\t\t\t\t\t\t\t\t\t\t\t\t\t<\/div>\n\t\t\t\t<\/div>\n\t\t\t\t<div class=\"elementor-element elementor-element-de72686 elementor-widget elementor-widget-heading\" data-id=\"de72686\" data-element_type=\"widget\" data-widget_type=\"heading.default\">\n\t\t\t\t<div class=\"elementor-widget-container\">\n\t\t\t<h2 class=\"elementor-heading-title elementor-size-default\">Valeria Vega<\/h2>\t\t<\/div>\n\t\t\t\t<\/div>\n\t\t\t\t<div class=\"elementor-element elementor-element-8d1b924 elementor-widget elementor-widget-heading\" data-id=\"8d1b924\" data-element_type=\"widget\" data-widget_type=\"heading.default\">\n\t\t\t\t<div class=\"elementor-widget-container\">\n\t\t\t<h2 class=\"elementor-heading-title elementor-size-default\">Head of Laboratory<\/h2>\t\t<\/div>\n\t\t\t\t<\/div>\n\t\t\t\t\t<\/div>\n\t\t<\/div>\n\t\t\t\t<div class=\"elementor-column elementor-col-14 elementor-top-column elementor-element elementor-element-344d7a3f\" data-id=\"344d7a3f\" data-element_type=\"column\">\n\t\t\t<div class=\"elementor-widget-wrap elementor-element-populated\">\n\t\t\t\t\t\t\t\t<div class=\"elementor-element elementor-element-3f3bd190 elementor-widget elementor-widget-image\" data-id=\"3f3bd190\" data-element_type=\"widget\" data-widget_type=\"image.default\">\n\t\t\t\t<div class=\"elementor-widget-container\">\n\t\t\t\t\t\t\t\t\t\t\t\t\t\t\t<img loading=\"lazy\" decoding=\"async\" width=\"580\" height=\"581\" src=\"https:\/\/mendel.com.ar\/wp-content\/uploads\/2024\/11\/Foto-Elena-nueva-para-la-web.jpg\" class=\"attachment-large size-large wp-image-5051\" alt=\"\" srcset=\"https:\/\/mendel.com.ar\/wp-content\/uploads\/2024\/11\/Foto-Elena-nueva-para-la-web.jpg 774w, https:\/\/mendel.com.ar\/wp-content\/uploads\/2024\/11\/Foto-Elena-nueva-para-la-web-300x300.jpg 300w, https:\/\/mendel.com.ar\/wp-content\/uploads\/2024\/11\/Foto-Elena-nueva-para-la-web-150x150.jpg 150w, https:\/\/mendel.com.ar\/wp-content\/uploads\/2024\/11\/Foto-Elena-nueva-para-la-web-768x770.jpg 768w, https:\/\/mendel.com.ar\/wp-content\/uploads\/2024\/11\/Foto-Elena-nueva-para-la-web-12x12.jpg 12w, https:\/\/mendel.com.ar\/wp-content\/uploads\/2024\/11\/Foto-Elena-nueva-para-la-web-450x450.jpg 450w, https:\/\/mendel.com.ar\/wp-content\/uploads\/2024\/11\/Foto-Elena-nueva-para-la-web-600x602.jpg 600w, https:\/\/mendel.com.ar\/wp-content\/uploads\/2024\/11\/Foto-Elena-nueva-para-la-web-100x100.jpg 100w\" sizes=\"auto, (max-width: 580px) 100vw, 580px\" \/>\t\t\t\t\t\t\t\t\t\t\t\t\t\t\t<\/div>\n\t\t\t\t<\/div>\n\t\t\t\t<div class=\"elementor-element elementor-element-22d576d8 elementor-widget elementor-widget-heading\" data-id=\"22d576d8\" data-element_type=\"widget\" data-widget_type=\"heading.default\">\n\t\t\t\t<div class=\"elementor-widget-container\">\n\t\t\t<h2 class=\"elementor-heading-title elementor-size-default\">Elena Drannikow<\/h2>\t\t<\/div>\n\t\t\t\t<\/div>\n\t\t\t\t<div class=\"elementor-element elementor-element-63e2af8c elementor-widget elementor-widget-heading\" data-id=\"63e2af8c\" data-element_type=\"widget\" data-widget_type=\"heading.default\">\n\t\t\t\t<div class=\"elementor-widget-container\">\n\t\t\t<h2 class=\"elementor-heading-title elementor-size-default\">Hosting &amp; Tasting<\/h2>\t\t<\/div>\n\t\t\t\t<\/div>\n\t\t\t\t\t<\/div>\n\t\t<\/div>\n\t\t\t\t\t\t\t<\/div>\n\t\t<\/section>\n\t\t\t\t<section class=\"elementor-section elementor-top-section elementor-element elementor-element-775a5717 elementor-section-content-bottom elementor-section-boxed elementor-section-height-default elementor-section-height-default\" data-id=\"775a5717\" data-element_type=\"section\" data-settings=\"{&quot;background_background&quot;:&quot;classic&quot;}\">\n\t\t\t\t\t\t\t<div class=\"elementor-background-overlay\"><\/div>\n\t\t\t\t\t\t\t<div class=\"elementor-container elementor-column-gap-default\">\n\t\t\t\t\t<div class=\"elementor-column elementor-col-100 elementor-top-column elementor-element elementor-element-7ddbaf5f\" data-id=\"7ddbaf5f\" data-element_type=\"column\">\n\t\t\t<div class=\"elementor-widget-wrap elementor-element-populated\">\n\t\t\t\t\t\t\t\t<div class=\"elementor-element elementor-element-4ab070a7 elementor-widget elementor-widget-heading\" data-id=\"4ab070a7\" data-element_type=\"widget\" data-widget_type=\"heading.default\">\n\t\t\t\t<div class=\"elementor-widget-container\">\n\t\t\t<h2 class=\"elementor-heading-title elementor-size-default\">Our Wines<\/h2>\t\t<\/div>\n\t\t\t\t<\/div>\n\t\t\t\t<div class=\"elementor-element elementor-element-44b7bc62 elementor-widget-divider--view-line elementor-widget elementor-widget-divider\" data-id=\"44b7bc62\" data-element_type=\"widget\" data-widget_type=\"divider.default\">\n\t\t\t\t<div class=\"elementor-widget-container\">\n\t\t\t\t\t<div class=\"elementor-divider\">\n\t\t\t<span class=\"elementor-divider-separator\">\n\t\t\t\t\t\t<\/span>\n\t\t<\/div>\n\t\t\t\t<\/div>\n\t\t\t\t<\/div>\n\t\t\t\t\t<\/div>\n\t\t<\/div>\n\t\t\t\t\t\t\t<\/div>\n\t\t<\/section>\n\t\t\t\t<section class=\"elementor-section elementor-top-section elementor-element elementor-element-46e5f464 elementor-section-full_width elementor-section-height-default elementor-section-height-default\" data-id=\"46e5f464\" data-element_type=\"section\" data-settings=\"{&quot;background_background&quot;:&quot;classic&quot;}\">\n\t\t\t\t\t\t<div class=\"elementor-container elementor-column-gap-default\">\n\t\t\t\t\t<div class=\"elementor-column elementor-col-100 elementor-top-column elementor-element elementor-element-49fb8d17\" data-id=\"49fb8d17\" data-element_type=\"column\">\n\t\t\t<div class=\"elementor-widget-wrap elementor-element-populated\">\n\t\t\t\t\t\t\t\t<div class=\"elementor-element elementor-element-76b2353d elementor-widget elementor-widget-eael-adv-tabs\" data-id=\"76b2353d\" data-element_type=\"widget\" data-widget_type=\"eael-adv-tabs.default\">\n\t\t\t\t<div class=\"elementor-widget-container\">\n\t\t\t        <div id=\"eael-advance-tabs-76b2353d\" class=\"eael-advance-tabs eael-tabs-horizontal eael-tab-auto-active\" data-tabid=\"76b2353d\">\n            <div class=\"eael-tabs-nav\" role=\"tablist\">\n                <ul class=\"eael-tab-top-icon\" role=\"tablist\">\n                                            <li id=\"mendel-malbec-doc\" class=\"active-default eael-tab-item-trigger\" aria-selected=\"true\" data-tab=\"1\" role=\"tab\" tabindex=\"0\" aria-controls=\"mendel-malbec-doc-tab\" aria-expanded=\"false\">\n                            \n                                                                <img decoding=\"async\" src=\"https:\/\/mendel.com.ar\/wp-content\/uploads\/2022\/05\/Mendel-Doc-2020.png\" alt=\"\">\n                                                            \n                            \n                                                            <span class=\"eael-tab-title  title-after-icon\">Mendel Malbec DOC<\/span>                                                    <\/li>\n                                            <li id=\"finca-remota-malbec\" class=\"active-default eael-tab-item-trigger\" aria-selected=\"false\" data-tab=\"2\" role=\"tab\" tabindex=\"-1\" aria-controls=\"finca-remota-malbec-tab\" aria-expanded=\"false\">\n                            \n                                                                <img decoding=\"async\" src=\"https:\/\/mendel.com.ar\/wp-content\/uploads\/2022\/04\/Mendel-Finca-Remota-2018.png\" alt=\"\">\n                                                            \n                            \n                                                            <span class=\"eael-tab-title  title-after-icon\">Finca Remota - Malbec<\/span>                                                    <\/li>\n                                            <li id=\"mendel-unus\" class=\"eael-tab-item-trigger\" aria-selected=\"false\" data-tab=\"3\" role=\"tab\" tabindex=\"-1\" aria-controls=\"mendel-unus-tab\" aria-expanded=\"false\">\n                            \n                                                                <img decoding=\"async\" src=\"https:\/\/mendel.com.ar\/wp-content\/uploads\/2022\/04\/unus2018.png\" alt=\"\">\n                                                            \n                            \n                                                            <span class=\"eael-tab-title  title-after-icon\">Mendel Unus<\/span>                                                    <\/li>\n                                            <li id=\"mendel-malbec\" class=\"eael-tab-item-trigger\" aria-selected=\"false\" data-tab=\"4\" role=\"tab\" tabindex=\"-1\" aria-controls=\"mendel-malbec-tab\" aria-expanded=\"false\">\n                            \n                                                                <img decoding=\"async\" src=\"https:\/\/mendel.com.ar\/wp-content\/uploads\/2022\/04\/Mendel-Malbec-2018-Bottle-Image.png\" alt=\"\">\n                                                            \n                            \n                                                            <span class=\"eael-tab-title  title-after-icon\">Mendel Malbec<\/span>                                                    <\/li>\n                                            <li id=\"mendel-cabernet-sauvignon\" class=\"eael-tab-item-trigger\" aria-selected=\"false\" data-tab=\"5\" role=\"tab\" tabindex=\"-1\" aria-controls=\"mendel-cabernet-sauvignon-tab\" aria-expanded=\"false\">\n                            \n                                                                <img decoding=\"async\" src=\"https:\/\/mendel.com.ar\/wp-content\/uploads\/2022\/04\/Mendel-Cabernet-Sauvignon-2018-Bottle-Image.png\" alt=\"\">\n                                                            \n                            \n                                                            <span class=\"eael-tab-title  title-after-icon\">Mendel Cabernet Sauvignon<\/span>                                                    <\/li>\n                                            <li id=\"mendel-cabernet-franc\" class=\"eael-tab-item-trigger\" aria-selected=\"false\" data-tab=\"6\" role=\"tab\" tabindex=\"-1\" aria-controls=\"mendel-cabernet-franc-tab\" aria-expanded=\"false\">\n                            \n                                                                <img decoding=\"async\" src=\"https:\/\/mendel.com.ar\/wp-content\/uploads\/2022\/04\/Mendel-Cabernet-Franc-2018-Bottle-Image.png\" alt=\"\">\n                                                            \n                            \n                                                            <span class=\"eael-tab-title  title-after-icon\">Mendel Cabernet Franc<\/span>                                                    <\/li>\n                                            <li id=\"mendel-semillon\" class=\"eael-tab-item-trigger\" aria-selected=\"false\" data-tab=\"7\" role=\"tab\" tabindex=\"-1\" aria-controls=\"mendel-semillon-tab\" aria-expanded=\"false\">\n                            \n                                                                <img decoding=\"async\" src=\"https:\/\/mendel.com.ar\/wp-content\/uploads\/2022\/04\/Mendel-Semillon-2019-Bottle-Image.png\" alt=\"\">\n                                                            \n                            \n                                                            <span class=\"eael-tab-title  title-after-icon\">Mendel Semillon<\/span>                                                    <\/li>\n                                            <li id=\"mendel-rosadia\" class=\"eael-tab-item-trigger\" aria-selected=\"false\" data-tab=\"8\" role=\"tab\" tabindex=\"-1\" aria-controls=\"mendel-rosadia-tab\" aria-expanded=\"false\">\n                            \n                                                                <img decoding=\"async\" src=\"https:\/\/mendel.com.ar\/wp-content\/uploads\/2022\/04\/rosadia.png\" alt=\"\">\n                                                            \n                            \n                                                            <span class=\"eael-tab-title  title-after-icon\">Mendel Rosadia<\/span>                                                    <\/li>\n                                            <li id=\"petit-manseng\" class=\"eael-tab-item-trigger\" aria-selected=\"false\" data-tab=\"9\" role=\"tab\" tabindex=\"-1\" aria-controls=\"petit-manseng-tab\" aria-expanded=\"false\">\n                            \n                                                                <img decoding=\"async\" src=\"https:\/\/mendel.com.ar\/wp-content\/uploads\/2023\/07\/MENDEL-MALBEC-2020-web-bottle-mas-chica.png\" alt=\"\">\n                                                            \n                            \n                                                            <span class=\"eael-tab-title  title-after-icon\">Petit Manseng<\/span>                                                    <\/li>\n                                            <li id=\"lunta-malbec\" class=\"eael-tab-item-trigger\" aria-selected=\"false\" data-tab=\"10\" role=\"tab\" tabindex=\"-1\" aria-controls=\"lunta-malbec-tab\" aria-expanded=\"false\">\n                            \n                                                                <img decoding=\"async\" src=\"https:\/\/mendel.com.ar\/wp-content\/uploads\/2022\/04\/Lunta-Malbec-2018-Bottle-Image.png\" alt=\"\">\n                                                            \n                            \n                                                            <span class=\"eael-tab-title  title-after-icon\">Lunta Malbec<\/span>                                                    <\/li>\n                                            <li id=\"lunta-torronts\" class=\"eael-tab-item-trigger\" aria-selected=\"false\" data-tab=\"11\" role=\"tab\" tabindex=\"-1\" aria-controls=\"lunta-torronts-tab\" aria-expanded=\"false\">\n                            \n                                                                <img decoding=\"async\" src=\"https:\/\/mendel.com.ar\/wp-content\/uploads\/2022\/04\/Lunta-Torrontes-2019-Bottle-Image.png\" alt=\"\">\n                                                            \n                            \n                                                            <span class=\"eael-tab-title  title-after-icon\">Lunta Torront\u00e9s<\/span>                                                    <\/li>\n                                    <\/ul>\n            <\/div>\n            \n            <div class=\"eael-tabs-content\">\n\t\t        \n                    <div id=\"mendel-malbec-doc-tab\" class=\"clearfix eael-tab-content-item active-default\" data-title-link=\"mendel-malbec-doc-tab\">\n\t\t\t\t        \t\t\t\t\t        <p style=\"text-align: center;\"><img loading=\"lazy\" decoding=\"async\" class=\"alignnone wp-image-636 size-medium\" src=\"https:\/\/mendel.com.ar\/wp-content\/uploads\/2022\/05\/Mendel-Doc-2020-87x300.png\" alt=\"\" width=\"87\" height=\"300\" srcset=\"https:\/\/mendel.com.ar\/wp-content\/uploads\/2022\/05\/Mendel-Doc-2020-87x300.png 87w, https:\/\/mendel.com.ar\/wp-content\/uploads\/2022\/05\/Mendel-Doc-2020.png 249w\" sizes=\"auto, (max-width: 87px) 100vw, 87px\" \/><\/p><p style=\"text-align: center;\">Mendel DOC Luj\u00e1n de Cuyo is an intense red Malbec with violet hues. On the nose, it presents intense aromas of red and black fruits such as black cherries and plums, floral scents of violets; After stirring in the glass, spicy and soft aromas of licorice emerge.<\/p><p style=\"text-align: center;\">On the palate, it exhibits a great volume and structure, ripe and well-present tannins, being at the same time silky and very friendly. Flavors of black cherry and plum reappear, providing it with an exceptional length on the palate.<\/p><p style=\"text-align: center;\"><strong>TECHNICAL SHEETS<br \/><\/strong><\/p><p style=\"text-align: center;\"><span style=\"color: #993366;\"><a style=\"color: #993366;\" href=\"https:\/\/mendel.com.ar\/wp-content\/uploads\/2025\/03\/Mendel-Finca-los-Andes-DOC-2022-Technical-Sheet.pdf\">MENDEL MALBEC DOC 2022<\/a><\/span><br \/><span style=\"color: #993366;\"><a style=\"color: #993366;\" href=\"https:\/\/mendel.com.ar\/wp-content\/uploads\/2023\/07\/Mendel-Finca-los-Andes-DOC-2021-Technical-Sheet.pdf\">MENDEL MALB<\/a><\/span><span style=\"color: #993366;\"><a style=\"color: #993366;\" href=\"https:\/\/mendel.com.ar\/wp-content\/uploads\/2023\/07\/Mendel-Finca-los-Andes-DOC-2021-Technical-Sheet.pdf\">EC DOC 2021<\/a><\/span><br \/><span style=\"color: #993366;\"><a style=\"color: #993366;\" href=\"https:\/\/mendel.com.ar\/wp-content\/uploads\/2023\/07\/Mendel-Finca-los-Andes-DOC-2021-Technical-Sheet.pdf\">MENDEL MALBEC DOC 2020<\/a><\/span><br \/><span style=\"color: #993366;\"><a style=\"color: #993366;\" href=\"https:\/\/mendel.com.ar\/wp-content\/uploads\/2022\/05\/Mendel-Finca-los-Andes-DOC-2019-Technical-Sheet.pdf\">MENDEL MALBEC DOC 2019<\/a><\/span><\/p><p style=\"text-align: center;\">\u00a0<\/p>\t\t\t\t                            <\/div>\n\t\t        \n                    <div id=\"finca-remota-malbec-tab\" class=\"clearfix eael-tab-content-item active-default\" data-title-link=\"finca-remota-malbec-tab\">\n\t\t\t\t        \t\t\t\t\t        <p style=\"text-align: center;\"><img loading=\"lazy\" decoding=\"async\" class=\"wp-image-165 aligncenter\" src=\"https:\/\/mendel.com.ar\/wp-content\/uploads\/2022\/04\/Mendel-Finca-Remota-2018.png\" alt=\"\" width=\"150\" height=\"518\" srcset=\"https:\/\/mendel.com.ar\/wp-content\/uploads\/2022\/04\/Mendel-Finca-Remota-2018.png 249w, https:\/\/mendel.com.ar\/wp-content\/uploads\/2022\/04\/Mendel-Finca-Remota-2018-87x300.png 87w\" sizes=\"auto, (max-width: 150px) 100vw, 150px\" \/><\/p><p style=\"text-align: center;\">Finca Remota is a 100% Malbec made with grapes from a small plot in Altamira, Valle de Uco, at 1,100 meters above sea level. These particular conditions give us an aromatic profile dominated by fresh fruit and floral touches, such as violets. On the palate, thanks to very controlled yields from old vines, a very good concentration and structure is achieved, with round and elegant tannins. Undoubtedly one of the most important characteristics of this wine is its intensity and complexity of fruit without the dominance of the wood, despite having remained in new barrels for a long time. Only one explanation is possible: the incomparable quality of the terroir and our old vines give rise to a wine from another dimension.<\/p><p style=\"text-align: center;\"><strong>TECHNICAL SHEETS<br \/><\/strong><\/p><p style=\"text-align: center;\"><span style=\"color: #993366;\"><a style=\"color: #993366;\" href=\"https:\/\/mendel.com.ar\/wp-content\/uploads\/2025\/03\/MENDEL-FINCA-REMOTA-2022-Technical-Sheet.pdf\">MENDEL FINCA REMOTA 2022<\/a><\/span><span style=\"color: #993366;\"><a style=\"color: #993366;\" href=\"https:\/\/mendel.com.ar\/wp-content\/uploads\/2022\/04\/Mendel-Finca-Remota-2006-Technical-sheet.pdf\"><br \/><\/a><a style=\"color: #993366;\" href=\"https:\/\/mendel.com.ar\/wp-content\/uploads\/2023\/07\/MENDEL-FINCA-REMOTA-2021-Technical-Sheet-1.pdf\">MENDEL FINCA REMOTA 2021<\/a><a style=\"color: #993366;\" href=\"https:\/\/mendel.com.ar\/wp-content\/uploads\/2022\/04\/Mendel-Finca-Remota-2006-Technical-sheet.pdf\"><br \/><\/a><a style=\"color: #993366;\" href=\"https:\/\/mendel.com.ar\/wp-content\/uploads\/2023\/07\/MENDEL-FINCA-REMOTA-2020-Technical-Sheet.pdf\">MENDEL FINCA REMOTA 2020<\/a><a style=\"color: #993366;\" href=\"https:\/\/mendel.com.ar\/wp-content\/uploads\/2022\/04\/Mendel-Finca-Remota-2006-Technical-sheet.pdf\"><br \/><\/a><a style=\"color: #993366;\" href=\"https:\/\/mendel.com.ar\/wp-content\/uploads\/2022\/05\/MENDEL-FINCA-REMOTA-2019-Technical-Sheet-1.pdf\">MENDEL FINCA REMOTA 2019<\/a><a style=\"color: #993366;\" href=\"https:\/\/mendel.com.ar\/wp-content\/uploads\/2022\/04\/Mendel-Finca-Remota-2006-Technical-sheet.pdf\"><br \/><\/a><a style=\"color: #993366;\" href=\"https:\/\/mendel.com.ar\/wp-content\/uploads\/2022\/05\/MENDEL-FINCA-REMOTA-2018-Technical-Sheet-1.pdf\">MENDEL FINCA REMOTA 2018<\/a><a style=\"color: #993366;\" href=\"https:\/\/mendel.com.ar\/wp-content\/uploads\/2022\/04\/Mendel-Finca-Remota-2006-Technical-sheet.pdf\"><br \/><\/a><a style=\"color: #993366;\" href=\"https:\/\/mendel.com.ar\/wp-content\/uploads\/2022\/05\/MENDEL-FINCA-REMOTA-2017-Technical-Sheet-2.pdf\">MENDEL FINCA REMOTA 2017<\/a><a style=\"color: #993366;\" href=\"https:\/\/mendel.com.ar\/wp-content\/uploads\/2022\/04\/Mendel-Finca-Remota-2006-Technical-sheet.pdf\"><br \/><\/a><a style=\"color: #993366;\" href=\"https:\/\/mendel.com.ar\/wp-content\/uploads\/2022\/05\/MENDEL-FINCA-REMOTA-2016-Technical-Sheet-1.pdf\">MENDEL FINCA REMOTA 2016<\/a><a style=\"color: #993366;\" href=\"https:\/\/mendel.com.ar\/wp-content\/uploads\/2022\/04\/Mendel-Finca-Remota-2006-Technical-sheet.pdf\"><br \/><\/a><a style=\"color: #993366;\" href=\"https:\/\/mendel.com.ar\/wp-content\/uploads\/2022\/05\/MENDEL-FINCA-REMOTA-2015-Technical-Sheet-1.pdf\">MENDEL FINCA REMOTA 2015<\/a><a style=\"color: #993366;\" href=\"https:\/\/mendel.com.ar\/wp-content\/uploads\/2022\/04\/Mendel-Finca-Remota-2006-Technical-sheet.pdf\"><br \/><\/a><a style=\"color: #993366;\" href=\"https:\/\/mendel.com.ar\/wp-content\/uploads\/2022\/04\/MENDEL-FINCA-REMOTA-2014-Technical-Sheet.pdf\">MENDEL FINCA REMOTA 2014<\/a><a style=\"color: #993366;\" href=\"https:\/\/mendel.com.ar\/wp-content\/uploads\/2022\/04\/Mendel-Finca-Remota-2006-Technical-sheet.pdf\"><br \/><\/a><a style=\"color: #993366;\" href=\"https:\/\/mendel.com.ar\/wp-content\/uploads\/2022\/04\/MENDEL-FINCA-REMOTA-2013-Technical-Sheet.pdf\">MENDEL FINCA REMOTA 2013<\/a><a style=\"color: #993366;\" href=\"https:\/\/mendel.com.ar\/wp-content\/uploads\/2022\/04\/Mendel-Finca-Remota-2006-Technical-sheet.pdf\"><br \/><\/a><a style=\"color: #993366;\" href=\"https:\/\/mendel.com.ar\/wp-content\/uploads\/2022\/04\/MENDEL-FINCA-REMOTA-2012-Technical-Sheet.pdf\">MENDEL FINCA REMOTA 2012<\/a><a style=\"color: #993366;\" href=\"https:\/\/mendel.com.ar\/wp-content\/uploads\/2022\/04\/Mendel-Finca-Remota-2006-Technical-sheet.pdf\"><br \/><\/a><a style=\"color: #993366;\" href=\"https:\/\/mendel.com.ar\/wp-content\/uploads\/2023\/07\/Mendel-Finca-Remota-2011-Technical-Sheet-nueva-2.pdf\">MENDEL FINCA REMOTA 2011<\/a><a style=\"color: #993366;\" href=\"https:\/\/mendel.com.ar\/wp-content\/uploads\/2022\/04\/Mendel-Finca-Remota-2006-Technical-sheet.pdf\"><br \/><\/a><a style=\"color: #993366;\" href=\"https:\/\/mendel.com.ar\/wp-content\/uploads\/2022\/04\/MENDEL-FINCA-REMOTA-2010-Technical-Sheet.pdf\">MENDEL FINCA REMOTA 2010<\/a><a style=\"color: #993366;\" href=\"https:\/\/mendel.com.ar\/wp-content\/uploads\/2022\/04\/Mendel-Finca-Remota-2006-Technical-sheet.pdf\"><br \/><\/a><a style=\"color: #993366;\" href=\"https:\/\/mendel.com.ar\/wp-content\/uploads\/2022\/04\/Mendel-Finca-Remota-2009-Technical-Sheet.pdf\">MENDEL FINCA REMOTA 2009<\/a><a style=\"color: #993366;\" href=\"https:\/\/mendel.com.ar\/wp-content\/uploads\/2022\/04\/Mendel-Finca-Remota-2006-Technical-sheet.pdf\"><br \/><\/a><a style=\"color: #993366;\" href=\"https:\/\/mendel.com.ar\/wp-content\/uploads\/2022\/04\/Mendel-Finca-Remota-2008-Technical-Sheet.pdf\">MENDEL FINCA REMOTA 2008<\/a><a style=\"color: #993366;\" href=\"https:\/\/mendel.com.ar\/wp-content\/uploads\/2022\/04\/Mendel-Finca-Remota-2006-Technical-sheet.pdf\"><br \/><\/a><a style=\"color: #993366;\" href=\"https:\/\/mendel.com.ar\/wp-content\/uploads\/2022\/04\/Mendel-Finca-Remota-2007-Technical-sheet.pdf\">MENDEL FINCA REMOTA 2007<\/a><a style=\"color: #993366;\" href=\"https:\/\/mendel.com.ar\/wp-content\/uploads\/2022\/04\/Mendel-Finca-Remota-2006-Technical-sheet.pdf\"><br \/><\/a><a style=\"color: #993366;\" href=\"https:\/\/mendel.com.ar\/wp-content\/uploads\/2022\/04\/Mendel-Finca-Remota-2006-Technical-sheet.pdf\">MENDEL FINCA REMOTA 2006<\/a><\/span><\/p>\t\t\t\t                            <\/div>\n\t\t        \n                    <div id=\"mendel-unus-tab\" class=\"clearfix eael-tab-content-item\" data-title-link=\"mendel-unus-tab\">\n\t\t\t\t        \t\t\t\t\t        <p style=\"text-align: center;\"><img loading=\"lazy\" decoding=\"async\" class=\"alignnone wp-image-171\" src=\"https:\/\/mendel.com.ar\/wp-content\/uploads\/2022\/04\/unus2018-87x300.png\" alt=\"\" width=\"150\" height=\"518\" srcset=\"https:\/\/mendel.com.ar\/wp-content\/uploads\/2022\/04\/unus2018-87x300.png 87w, https:\/\/mendel.com.ar\/wp-content\/uploads\/2022\/04\/unus2018.png 249w\" sizes=\"auto, (max-width: 150px) 100vw, 150px\" \/>Mendel Unus is the perfect combination between Cabernet Sauvignon and Malbec. The Cabernet Sauvignon, with its well-present and ripe tannins, forms part of the structure of the wine and the Malbec collaborates by giving it complexity, fat and volume in the mouth. The result is a very complex, intense, high-volume wine, but especially elegant and balanced.<\/p><p style=\"text-align: center;\"><strong>TECHNICAL SHEETS<\/strong><\/p><p style=\"text-align: center;\"><a style=\"color: #993366;\" href=\"https:\/\/mendel.com.ar\/wp-content\/uploads\/2025\/03\/MENDEL-UNUS-2022-Technical-Sheet.pdf\">MENDEL UNUS 2022<\/a><a style=\"color: #993366;\" href=\"https:\/\/mendel.com.ar\/wp-content\/uploads\/2023\/07\/MENDEL-UNUS-2021-Technical-Sheet.pdf\"><br \/>MENDEL UNUS 2021<\/a><br \/><span style=\"color: #993366;\"><a style=\"color: #993366;\" href=\"https:\/\/mendel.com.ar\/wp-content\/uploads\/2022\/05\/MENDEL-UNUS-2020-Technical-Sheet.pdf\">MENDEL UNUS 2020<\/a><\/span><br \/><span style=\"color: #993366;\"><a style=\"color: #993366;\" href=\"https:\/\/mendel.com.ar\/wp-content\/uploads\/2022\/05\/MENDEL-UNUS-2019-Technical-Sheet.pdf\">MENDEL UNUS 2019<\/a><\/span><br \/><span style=\"color: #993366;\"><a style=\"color: #993366;\" href=\"https:\/\/mendel.com.ar\/wp-content\/uploads\/2022\/05\/MENDEL-UNUS-2018-Technical-Sheet.pdf\">MENDEL UNUS 2018<\/a><\/span><br \/><span style=\"color: #993366;\"><a style=\"color: #993366;\" href=\"https:\/\/mendel.com.ar\/wp-content\/uploads\/2025\/03\/MENDEL-UNUS-2022-Technical-Sheet.pdf\">MENDEL UNUS 2017<\/a><\/span><br \/><span style=\"color: #993366;\"><a style=\"color: #993366;\" href=\"https:\/\/mendel.com.ar\/wp-content\/uploads\/2022\/04\/MENDEL-UNUS-2016-Technical-Sheet.pdf\">MENDEL UNUS 2016<\/a><\/span><br \/><span style=\"color: #993366;\"><a style=\"color: #993366;\" href=\"https:\/\/mendel.com.ar\/wp-content\/uploads\/2022\/04\/MENDEL-UNUS-2015-Technical-Sheet.pdf\">MENDEL UNUS 2015<\/a><\/span><br \/><span style=\"color: #993366;\"><a style=\"color: #993366;\" href=\"https:\/\/mendel.com.ar\/wp-content\/uploads\/2022\/04\/MENDEL-UNUS-2014-Technical-Sheet.pdf\">MENDEL UNUS 2014<\/a><\/span><br \/><span style=\"color: #993366;\"><a style=\"color: #993366;\" href=\"https:\/\/mendel.com.ar\/wp-content\/uploads\/2022\/04\/MENDEL-UNUS-2013-Technical-Sheet.pdf\">MENDEL UNUS 2013<\/a><\/span><br \/><span style=\"color: #993366;\"><a style=\"color: #993366;\" href=\"https:\/\/mendel.com.ar\/wp-content\/uploads\/2022\/04\/MENDEL-UNUS-2012-Technical-Sheet.pdf\">MENDEL UNUS 2012<\/a><\/span><br \/><span style=\"color: #993366;\"><a style=\"color: #993366;\" href=\"https:\/\/mendel.com.ar\/wp-content\/uploads\/2022\/04\/MENDEL-UNUS-2011-Technical-Sheet.pdf\">MENDEL UNUS 2011<\/a><\/span><br \/><span style=\"color: #993366;\"><a style=\"color: #993366;\" href=\"https:\/\/mendel.com.ar\/wp-content\/uploads\/2022\/04\/Mendel-Unus-2010-Technical-Sheet.pdf\">MENDEL UNUS 2010<\/a><\/span><br \/><span style=\"color: #993366;\"><a style=\"color: #993366;\" href=\"https:\/\/mendel.com.ar\/wp-content\/uploads\/2022\/04\/Mendel-Unus-2009-Technical-Sheet.pdf\">MENDEL UNUS 2009<\/a><\/span><br \/><span style=\"color: #993366;\"><a style=\"color: #993366;\" href=\"https:\/\/mendel.com.ar\/wp-content\/uploads\/2022\/04\/Mendel-Unus-2008-Technical-Sheet.pdf\">MENDEL UNUS 2008<\/a><\/span><\/p>\t\t\t\t                            <\/div>\n\t\t        \n                    <div id=\"mendel-malbec-tab\" class=\"clearfix eael-tab-content-item\" data-title-link=\"mendel-malbec-tab\">\n\t\t\t\t        \t\t\t\t\t        <p style=\"text-align: center;\"><img loading=\"lazy\" decoding=\"async\" class=\"alignnone wp-image-166\" src=\"https:\/\/mendel.com.ar\/wp-content\/uploads\/2022\/04\/Mendel-Malbec-2018-Bottle-Image-87x300.png\" alt=\"\" width=\"150\" height=\"518\" srcset=\"https:\/\/mendel.com.ar\/wp-content\/uploads\/2022\/04\/Mendel-Malbec-2018-Bottle-Image-87x300.png 87w, https:\/\/mendel.com.ar\/wp-content\/uploads\/2022\/04\/Mendel-Malbec-2018-Bottle-Image.png 249w\" sizes=\"auto, (max-width: 150px) 100vw, 150px\" \/><br \/>Mendel Malbec is the maximum expression of this variety in our terroir. This variety perfectly adapted to this climate and soil shows here its typical aromas of ripe fruit, plums, raisins and violets; and in the mouth the most outstanding characteristics are its body, fat and fleshiness.<\/p><p style=\"text-align: center;\"><strong>TECHNICAL SHEETS<\/strong><\/p><p style=\"text-align: center;\"><span style=\"color: #993366;\"><a style=\"color: #993366;\" href=\"https:\/\/mendel.com.ar\/wp-content\/uploads\/2026\/01\/MENDEL-MALBEC-2023-Technical-Sheet.pdf\">MENDEL MALBEC 2023<\/a><a style=\"color: #993366;\" href=\"https:\/\/mendel.com.ar\/wp-content\/uploads\/2025\/04\/MENDEL-MALBEC-2022-Technical-Sheet.pdf\"><br \/><\/a><a style=\"color: #993366;\" href=\"https:\/\/mendel.com.ar\/wp-content\/uploads\/2025\/04\/MENDEL-MALBEC-2022-Technical-Sheet.pdf\">MENDEL MALBEC 2022<\/a><a style=\"color: #993366;\" href=\"https:\/\/mendel.com.ar\/wp-content\/uploads\/2023\/07\/Mendel-Malbec-2008-Ficha-Tecnica.pdf\"><br \/><\/a><a style=\"color: #993366;\" href=\"https:\/\/mendel.com.ar\/wp-content\/uploads\/2025\/04\/MENDEL-MALBEC-2021-Technical-Sheet.pdf\">MENDEL MALBEC<\/a><a style=\"color: #993366;\" href=\"https:\/\/mendel.com.ar\/wp-content\/uploads\/2023\/07\/MENDEL-MALBEC-2021-Technical-Sheet.pdf\">\u00a02021<\/a><a style=\"color: #993366;\" href=\"https:\/\/mendel.com.ar\/wp-content\/uploads\/2022\/05\/MENDEL-MALBEC-2020-Technical-Sheet-1.pdf\"><br \/><\/a><a style=\"color: #993366;\" href=\"https:\/\/mendel.com.ar\/wp-content\/uploads\/2022\/05\/MENDEL-MALBEC-2020-Technical-Sheet-1.pdf\">MENDEL MALBEC 2020<\/a><a style=\"color: #993366;\" href=\"https:\/\/mendel.com.ar\/wp-content\/uploads\/2023\/07\/Mendel-Malbec-2008-Ficha-Tecnica.pdf\"><br \/><\/a><a style=\"color: #993366;\" href=\"https:\/\/mendel.com.ar\/wp-content\/uploads\/2022\/05\/MENDEL-MALBEC-2019-Technical-Sheet-1.pdf\">MENDEL MALBEC 2019<\/a><a style=\"color: #993366;\" href=\"https:\/\/mendel.com.ar\/wp-content\/uploads\/2023\/07\/Mendel-Malbec-2008-Ficha-Tecnica.pdf\"><br \/><\/a><a style=\"color: #993366;\" href=\"https:\/\/mendel.com.ar\/wp-content\/uploads\/2022\/05\/MENDEL-MALBEC-2018-Technical-Sheet-2.pdf\">MENDEL MALBEC 2018<\/a><a style=\"color: #993366;\" href=\"https:\/\/mendel.com.ar\/wp-content\/uploads\/2022\/05\/MENDEL-MALBEC-2017-Technical-Sheet-sin-cantidad-de-botellas.pdf\"><br \/><\/a><a style=\"color: #993366;\" href=\"https:\/\/mendel.com.ar\/wp-content\/uploads\/2022\/05\/MENDEL-MALBEC-2017-Technical-Sheet-sin-cantidad-de-botellas.pdf\">MENDEL MALBEC 2017<\/a><a style=\"color: #993366;\" href=\"https:\/\/mendel.com.ar\/wp-content\/uploads\/2023\/07\/Mendel-Malbec-2008-Ficha-Tecnica.pdf\"><br \/><\/a><a style=\"color: #993366;\" href=\"https:\/\/mendel.com.ar\/wp-content\/uploads\/2022\/05\/MENDEL-MALBEC-2016-Technical-Sheet.pdf\">MENDEL MALBEC 2016<\/a><a style=\"color: #993366;\" href=\"https:\/\/mendel.com.ar\/wp-content\/uploads\/2023\/07\/Mendel-Malbec-2008-Ficha-Tecnica.pdf\"><br \/><\/a><a style=\"color: #993366;\" href=\"https:\/\/mendel.com.ar\/wp-content\/uploads\/2022\/05\/MENDEL-MALBEC-2015-Technical-Sheet-version-11-07-17.pdf\">MENDEL MALBEC 2015<\/a><a style=\"color: #993366;\" href=\"https:\/\/mendel.com.ar\/wp-content\/uploads\/2023\/07\/Mendel-Malbec-2008-Ficha-Tecnica.pdf\"><br \/><\/a><a style=\"color: #993366;\" href=\"https:\/\/mendel.com.ar\/wp-content\/uploads\/2022\/05\/Mendel-Malbec-2014-Technical-Sheet.pdf\">MENDEL MALBEC 2014<\/a><a style=\"color: #993366;\" href=\"https:\/\/mendel.com.ar\/wp-content\/uploads\/2023\/07\/Mendel-Malbec-2008-Ficha-Tecnica.pdf\"><br \/><\/a><a style=\"color: #993366;\" href=\"https:\/\/mendel.com.ar\/wp-content\/uploads\/2023\/07\/MENDEL-MALBEC-2013-Technical-Sheet-nueva.pdf\">MENDEL MALBEC 2013<\/a><a style=\"color: #993366;\" href=\"https:\/\/mendel.com.ar\/wp-content\/uploads\/2023\/07\/Mendel-Malbec-2008-Ficha-Tecnica.pdf\"><br \/><\/a><a style=\"color: #993366;\" href=\"https:\/\/mendel.com.ar\/wp-content\/uploads\/2022\/05\/MENDEL-MALBEC-2012-Technical-Sheet.pdf\">MENDEL MALBEC 2012<\/a><a style=\"color: #993366;\" href=\"https:\/\/mendel.com.ar\/wp-content\/uploads\/2023\/07\/Mendel-Malbec-2008-Ficha-Tecnica.pdf\"><br \/><\/a><a style=\"color: #993366;\" href=\"https:\/\/mendel.com.ar\/wp-content\/uploads\/2023\/07\/Mendel-Malbec-2011-Ficha-Tecnica.pdf\">MENDEL MALBEC 2011<\/a><a style=\"color: #993366;\" href=\"https:\/\/mendel.com.ar\/wp-content\/uploads\/2023\/07\/Mendel-Malbec-2008-Ficha-Tecnica.pdf\"><br \/><\/a><a style=\"color: #993366;\" href=\"https:\/\/mendel.com.ar\/wp-content\/uploads\/2022\/05\/MENDEL-MALBEC-2010-Technical-Sheet.pdf\">MENDEL MALBEC 2010<\/a><a style=\"color: #993366;\" href=\"https:\/\/mendel.com.ar\/wp-content\/uploads\/2023\/07\/Mendel-Malbec-2008-Ficha-Tecnica.pdf\"><br \/><\/a><a style=\"color: #993366;\" href=\"https:\/\/mendel.com.ar\/wp-content\/uploads\/2022\/05\/MENDEL-MALBEC-2009-Technical-Sheet-nueva.pdf\">MENDEL MALBEC 2009<\/a><a style=\"color: #993366;\" href=\"https:\/\/mendel.com.ar\/wp-content\/uploads\/2023\/07\/Mendel-Malbec-2008-Ficha-Tecnica.pdf\"><br \/><\/a><a style=\"color: #993366;\" href=\"https:\/\/mendel.com.ar\/wp-content\/uploads\/2023\/07\/Mendel-Malbec-2008-Ficha-Tecnica.pdf\">MENDEL MALBEC 2008<\/a><\/span><\/p>\t\t\t\t                            <\/div>\n\t\t        \n                    <div id=\"mendel-cabernet-sauvignon-tab\" class=\"clearfix eael-tab-content-item\" data-title-link=\"mendel-cabernet-sauvignon-tab\">\n\t\t\t\t        \t\t\t\t\t        <p style=\"text-align: center;\"><img loading=\"lazy\" decoding=\"async\" class=\"alignnone wp-image-162\" src=\"https:\/\/mendel.com.ar\/wp-content\/uploads\/2022\/04\/Mendel-Cabernet-Sauvignon-2018-Bottle-Image-87x300.png\" alt=\"\" width=\"150\" height=\"518\" srcset=\"https:\/\/mendel.com.ar\/wp-content\/uploads\/2022\/04\/Mendel-Cabernet-Sauvignon-2018-Bottle-Image-87x300.png 87w, https:\/\/mendel.com.ar\/wp-content\/uploads\/2022\/04\/Mendel-Cabernet-Sauvignon-2018-Bottle-Image.png 249w\" sizes=\"auto, (max-width: 150px) 100vw, 150px\" \/>Mendel Cabernet Sauvignon is combined as a very intense and complex set of ripe plums, black cherries, raspberries, sour cherries, fresher floral notes and those from the wood. It is a very elegant and harmonious wine in which its acidity and freshness give it balance and length in the mouth, ensuring excellent and prolonged aging in the bottle.<\/p><p style=\"text-align: center;\"><strong>TECHNICAL SHEETS<\/strong><\/p><p style=\"text-align: center;\"><span style=\"color: #993366;\"><a style=\"color: #993366;\" href=\"https:\/\/mendel.com.ar\/wp-content\/uploads\/2025\/03\/MENDEL-CABERNET-SAUVIGNON-2022-Technical-Sheet.pdf\">MENDEL CABERNET SAUVIGNON 2023<\/a><a style=\"color: #993366;\" href=\"https:\/\/mendel.com.ar\/wp-content\/uploads\/2022\/04\/MENDEL-CABERNET-SAUVIGNON-2011-Technical-Sheet.pdf\"><br \/><\/a><a style=\"color: #993366;\" href=\"https:\/\/mendel.com.ar\/wp-content\/uploads\/2025\/03\/MENDEL-CABERNET-SAUVIGNON-2023-Technical-Sheet.pdf\">MENDEL CABERNET SAUVIGNON 2022<\/a><a style=\"color: #993366;\" href=\"https:\/\/mendel.com.ar\/wp-content\/uploads\/2022\/04\/MENDEL-CABERNET-SAUVIGNON-2011-Technical-Sheet.pdf\"><br \/><\/a><a style=\"color: #993366;\" href=\"https:\/\/mendel.com.ar\/wp-content\/uploads\/2023\/07\/MENDEL-CABERNET-SAUVIGNON-2021-Technical-Sheet.pdf\">MENDEL CABERNET SAUVIGNON 2021<\/a><a style=\"color: #993366;\" href=\"https:\/\/mendel.com.ar\/wp-content\/uploads\/2025\/03\/MENDEL-CABERNET-SAUVIGNON-2023-Technical-Sheet.pdf\"><br \/><\/a><a style=\"color: #993366;\" href=\"https:\/\/mendel.com.ar\/wp-content\/uploads\/2022\/05\/MENDEL-CABERNET-SAUVIGNON-2020-Technical-Sheet.pdf\">MENDEL CABERNET SAUVIGNON 2020<\/a><a style=\"color: #993366;\" href=\"https:\/\/mendel.com.ar\/wp-content\/uploads\/2022\/04\/MENDEL-CABERNET-SAUVIGNON-2011-Technical-Sheet.pdf\"><br \/><\/a><a style=\"color: #993366;\" href=\"https:\/\/mendel.com.ar\/wp-content\/uploads\/2022\/04\/MENDEL-CABERNET-SAUVIGNON-2019-Technical-Sheet.pdf\">MENDEL CABERNET SAUVIGNON 2019<\/a><a style=\"color: #993366;\" href=\"https:\/\/mendel.com.ar\/wp-content\/uploads\/2022\/04\/MENDEL-CABERNET-SAUVIGNON-2011-Technical-Sheet.pdf\"><br \/><\/a><a style=\"color: #993366;\" href=\"https:\/\/mendel.com.ar\/wp-content\/uploads\/2022\/04\/MENDEL-CABERNET-SAUVIGNON-2018-Technical-Sheet.pdf\">MENDEL CABERNET SAUVIGNON 2018<\/a><a style=\"color: #993366;\" href=\"https:\/\/mendel.com.ar\/wp-content\/uploads\/2022\/04\/MENDEL-CABERNET-SAUVIGNON-2011-Technical-Sheet.pdf\"><br \/><\/a><a style=\"color: #993366;\" href=\"https:\/\/mendel.com.ar\/wp-content\/uploads\/2022\/04\/MENDEL-CABERNET-SAUVIGNON-2017-Technical-Sheet.pdf\">MENDEL CABERNET SAUVIGNON 2017<\/a><a style=\"color: #993366;\" href=\"https:\/\/mendel.com.ar\/wp-content\/uploads\/2022\/04\/MENDEL-CABERNET-SAUVIGNON-2011-Technical-Sheet.pdf\"><br \/><\/a><a style=\"color: #993366;\" href=\"https:\/\/mendel.com.ar\/wp-content\/uploads\/2022\/04\/MENDEL-CABERNET-SAUVIGNON-2016-Technical-Sheet.pdf\">MENDEL CABERNET SAUVIGNON 2016<\/a><a style=\"color: #993366;\" href=\"https:\/\/mendel.com.ar\/wp-content\/uploads\/2022\/04\/MENDEL-CABERNET-SAUVIGNON-2011-Technical-Sheet.pdf\"><br \/><\/a><a style=\"color: #993366;\" href=\"https:\/\/mendel.com.ar\/wp-content\/uploads\/2022\/04\/MENDEL-CABERNET-SAUVIGNON-2015-Technical-Sheet.pdf\">MENDEL CABERNET SAUVIGNON 2015<\/a><a style=\"color: #993366;\" href=\"https:\/\/mendel.com.ar\/wp-content\/uploads\/2022\/04\/MENDEL-CABERNET-SAUVIGNON-2011-Technical-Sheet.pdf\"><br \/><\/a><a style=\"color: #993366;\" href=\"https:\/\/mendel.com.ar\/wp-content\/uploads\/2022\/04\/MENDEL-CABERNET-SAUVIGNON-2014-Technical-Sheet.pdf\">MENDEL CABERNET SAUVIGNON 2014<\/a><a style=\"color: #993366;\" href=\"https:\/\/mendel.com.ar\/wp-content\/uploads\/2022\/04\/MENDEL-CABERNET-SAUVIGNON-2011-Technical-Sheet.pdf\"><br \/><\/a><a style=\"color: #993366;\" href=\"https:\/\/mendel.com.ar\/wp-content\/uploads\/2022\/04\/MENDEL-CABERNET-SAUVIGNON-2012-Technical-Sheet.pdf\">MENDEL CABERNET SAUVIGNON 2013<\/a><a style=\"color: #993366;\" href=\"https:\/\/mendel.com.ar\/wp-content\/uploads\/2022\/04\/MENDEL-CABERNET-SAUVIGNON-2011-Technical-Sheet.pdf\"><br \/><\/a><a style=\"color: #993366;\" href=\"https:\/\/mendel.com.ar\/wp-content\/uploads\/2022\/04\/MENDEL-CABERNET-SAUVIGNON-2011-Technical-Sheet.pdf\">MENDEL CABERNET SAUVIGNON 2012<\/a><a style=\"color: #993366;\" href=\"https:\/\/mendel.com.ar\/wp-content\/uploads\/2022\/04\/MENDEL-CABERNET-SAUVIGNON-2011-Technical-Sheet.pdf\"><br \/><\/a><a style=\"color: #993366;\" href=\"https:\/\/mendel.com.ar\/wp-content\/uploads\/2022\/04\/MENDEL-CABERNET-SAUVIGNON-2011-Technical-Sheet.pdf\">MENDEL CABERNET SAUVIGNON 2011<\/a><\/span><\/p>\t\t\t\t                            <\/div>\n\t\t        \n                    <div id=\"mendel-cabernet-franc-tab\" class=\"clearfix eael-tab-content-item\" data-title-link=\"mendel-cabernet-franc-tab\">\n\t\t\t\t        \t\t\t\t\t        <p style=\"text-align: center;\"><img loading=\"lazy\" decoding=\"async\" class=\"alignnone wp-image-161\" src=\"https:\/\/mendel.com.ar\/wp-content\/uploads\/2022\/04\/Mendel-Cabernet-Franc-2018-Bottle-Image-87x300.png\" alt=\"\" width=\"150\" height=\"518\" srcset=\"https:\/\/mendel.com.ar\/wp-content\/uploads\/2022\/04\/Mendel-Cabernet-Franc-2018-Bottle-Image-87x300.png 87w, https:\/\/mendel.com.ar\/wp-content\/uploads\/2022\/04\/Mendel-Cabernet-Franc-2018-Bottle-Image.png 249w\" sizes=\"auto, (max-width: 150px) 100vw, 150px\" \/><br \/>Mendel Cabernet Franc 2018 is made with grapes from our own vineyard located in Paraje Altamira, Valle de Uco. This varietal presents fruity aromas such as raspberries, cherries and a spicy side, typical of the variety, which provides freshness and complexity. Its tannins are firm and ripe with a silky texture and great elegance. Mendel Cabernet Franc is an example of what this variety can give in the unique terroir of Paraje Altamira.<\/p><p style=\"text-align: center;\"><strong>TECHNICAL SHEETS<br \/><\/strong><\/p><p style=\"text-align: center;\"><span style=\"color: #993366;\"><a style=\"color: #993366;\" href=\"https:\/\/mendel.com.ar\/wp-content\/uploads\/2025\/03\/Mendel-Cabernet-Franc-2023-Technical-Sheet.pdf\">MENDEL CABERNET FRANC 2023<\/a><a style=\"color: #993366;\" href=\"https:\/\/mendel.com.ar\/wp-content\/uploads\/2022\/05\/Mendel-Cabernet-Franc-2020-Technical-Sheet.pdf\"><br \/><\/a><a style=\"color: #993366;\" href=\"https:\/\/mendel.com.ar\/wp-content\/uploads\/2025\/03\/Mendel-Cabernet-Franc-2022-Technical-Sheet.pdf\">MENDEL CABERNET FRANC 2022<\/a><a style=\"color: #993366;\" href=\"https:\/\/mendel.com.ar\/wp-content\/uploads\/2022\/05\/Mendel-Cabernet-Franc-2020-Technical-Sheet.pdf\"><br \/><\/a><a style=\"color: #993366;\" href=\"https:\/\/mendel.com.ar\/wp-content\/uploads\/2025\/03\/Mendel-Cabernet-Franc-2021-Technical-Sheet.pdf\">MENDEL CABERNET FRANC 2021<\/a><a style=\"color: #993366;\" href=\"https:\/\/mendel.com.ar\/wp-content\/uploads\/2022\/05\/Mendel-Cabernet-Franc-2020-Technical-Sheet.pdf\"><br \/><\/a><a style=\"color: #993366;\" href=\"https:\/\/mendel.com.ar\/wp-content\/uploads\/2022\/04\/Mendel-Cabernet-Franc-2017-Technical-Sheet.pdf\">MENDEL <\/a><a style=\"color: #993366;\" href=\"https:\/\/mendel.com.ar\/wp-content\/uploads\/2022\/05\/Mendel-Cabernet-Franc-2020-Technical-Sheet.pdf\">CABERNET FRANC 2020<\/a><\/span><br \/><span style=\"color: #993366;\"><a style=\"color: #993366;\" href=\"https:\/\/mendel.com.ar\/wp-content\/uploads\/2022\/05\/Mendel-Cabernet-Franc-2019-Technical-Sheet.pdf\">MENDEL CABERNET FRANC 2019<\/a><\/span><br \/><span style=\"color: #993366;\"><a style=\"color: #993366;\" href=\"https:\/\/mendel.com.ar\/wp-content\/uploads\/2022\/04\/Mendel-Cabernet-Franc-2018-Technical-Sheet.pdf\">MENDEL CABERNET FRANC 2018<\/a><br \/><a style=\"color: #993366;\" href=\"https:\/\/mendel.com.ar\/wp-content\/uploads\/2022\/04\/Mendel-Cabernet-Franc-2017-Technical-Sheet.pdf\">MENDEL CABERNET FRANC 2017<\/a><\/span><\/p>\t\t\t\t                            <\/div>\n\t\t        \n                    <div id=\"mendel-semillon-tab\" class=\"clearfix eael-tab-content-item\" data-title-link=\"mendel-semillon-tab\">\n\t\t\t\t        \t\t\t\t\t        <p style=\"text-align: center;\"><img loading=\"lazy\" decoding=\"async\" class=\"alignnone wp-image-167\" src=\"https:\/\/mendel.com.ar\/wp-content\/uploads\/2022\/04\/Mendel-Semillon-2019-Bottle-Image-87x300.png\" alt=\"\" width=\"150\" height=\"518\" srcset=\"https:\/\/mendel.com.ar\/wp-content\/uploads\/2022\/04\/Mendel-Semillon-2019-Bottle-Image-87x300.png 87w, https:\/\/mendel.com.ar\/wp-content\/uploads\/2022\/04\/Mendel-Semillon-2019-Bottle-Image.png 249w\" sizes=\"auto, (max-width: 150px) 100vw, 150px\" \/><br \/>Mendel Semillon is the maximum expression of this old white grape variety in a still wine. It clearly presents its varietal notes such as white flowers and honey, as well as some herbaceous and tropical fruit notes that give it complexity. Its passage through wood gives it notes of coconut and soft smoked and great volume and smoothness in the mouth. It is a complex, elegant and very pleasant wine to drink.<\/p><p style=\"text-align: center;\"><strong>TECHNICAL SHEETS<\/strong><\/p><p style=\"text-align: center;\"><span style=\"color: #993366;\"><a style=\"color: #993366;\" href=\"https:\/\/mendel.com.ar\/wp-content\/uploads\/2025\/04\/MENDEL-SEMILLON-2024-Technical-Sheet.pdf\">MENDEL SEMILLON 2024<\/a><a style=\"color: #993366;\" href=\"https:\/\/mendel.com.ar\/wp-content\/uploads\/2022\/05\/MENDEL-SEMILLON-2021-Technical-Sheet.pdf\"><br \/><\/a><a style=\"color: #993366;\" href=\"https:\/\/mendel.com.ar\/wp-content\/uploads\/2025\/03\/MENDEL-SEMILLON-2023-Technical-Sheet.pdf\">MENDEL SEMILLON 2023\u00a0<\/a><a style=\"color: #993366;\" href=\"https:\/\/mendel.com.ar\/wp-content\/uploads\/2022\/05\/MENDEL-SEMILLON-2021-Technical-Sheet.pdf\"><br \/><\/a><a style=\"color: #993366;\" href=\"https:\/\/mendel.com.ar\/wp-content\/uploads\/2025\/03\/MENDEL-SEMILLON-2022-Technical-Sheet.pdf\">MENDEL SEMILLON 2022<\/a><a style=\"color: #993366;\" href=\"https:\/\/mendel.com.ar\/wp-content\/uploads\/2022\/05\/MENDEL-SEMILLON-2021-Technical-Sheet.pdf\"><br \/>MENDEL SEMILLON 2021<\/a><\/span><br \/><span style=\"color: #993366;\"><a style=\"color: #993366;\" href=\"https:\/\/mendel.com.ar\/wp-content\/uploads\/2022\/05\/MENDEL-SEMILLON-2020-Technical-Sheet.pdf\">MENDEL SEMILLON 2020<\/a><\/span><br \/><span style=\"color: #993366;\"><a style=\"color: #993366;\" href=\"https:\/\/mendel.com.ar\/wp-content\/uploads\/2022\/04\/MENDEL-SEMILLON-2019-Technical-Sheet.pdf\">MENDEL SEMILLON 2019<\/a><\/span><br \/><span style=\"color: #993366;\"><a style=\"color: #993366;\" href=\"https:\/\/mendel.com.ar\/wp-content\/uploads\/2022\/04\/MENDEL-SEMILLON-2018-Technical-Sheet.pdf\">MENDEL SEMILLON 2018<\/a><\/span><br \/><span style=\"color: #993366;\"><a style=\"color: #993366;\" href=\"https:\/\/mendel.com.ar\/wp-content\/uploads\/2022\/04\/MENDEL-SEMILLON-2017-Technical-Sheet.pdf\">MENDEL SEMILLON 2017<\/a><\/span><br \/><span style=\"color: #993366;\"><a style=\"color: #993366;\" href=\"https:\/\/mendel.com.ar\/wp-content\/uploads\/2022\/04\/MENDEL-SEMILLON-2016-Technical-Sheet.pdf\">MENDEL SEMILLON 2016<\/a><\/span><br \/><span style=\"color: #993366;\"><a style=\"color: #993366;\" href=\"https:\/\/mendel.com.ar\/wp-content\/uploads\/2022\/04\/MENDEL-SEMILLON-2015-Technical-Sheet.pdf\">MENDEL SEMILLON 2015<\/a><\/span><br \/><span style=\"color: #993366;\"><a style=\"color: #993366;\" href=\"https:\/\/mendel.com.ar\/wp-content\/uploads\/2022\/04\/MENDEL-SEMILLON-2014-Technical-Sheet.pdf\">MENDEL SEMILLON 2014<\/a><\/span><br \/><span style=\"color: #993366;\"><a style=\"color: #993366;\" href=\"https:\/\/mendel.com.ar\/wp-content\/uploads\/2022\/04\/MENDEL-SEMILLON-2013-Technical-Sheet.pdf\">MENDEL SEMILLON 2013<\/a><\/span><br \/><span style=\"color: #993366;\"><a style=\"color: #993366;\" href=\"https:\/\/mendel.com.ar\/wp-content\/uploads\/2022\/04\/MENDEL-SEMILLON-2012-Technical-Sheet.pdf\">MENDEL SEMILLON 2012<\/a><\/span><br \/><span style=\"color: #993366;\"><a style=\"color: #993366;\" href=\"https:\/\/mendel.com.ar\/wp-content\/uploads\/2022\/04\/MENDEL-SEMILLON-2011-Technical-Sheet.pdf\">MENDEL SEMILLON 2011<\/a><\/span><br \/><span style=\"color: #993366;\"><a style=\"color: #993366;\" href=\"https:\/\/mendel.com.ar\/wp-content\/uploads\/2022\/04\/MENDEL-SEMILLON-2010-Technical-Sheet.pdf\">MENDEL SEMILLON 2010<\/a><\/span><br \/><span style=\"color: #993366;\"><a style=\"color: #993366;\" href=\"https:\/\/mendel.com.ar\/wp-content\/uploads\/2022\/04\/MENDEL-SEMILLON-2009-Technical-Sheet.pdf\">MENDEL SEMILLON 2009<\/a><\/span><\/p>\t\t\t\t                            <\/div>\n\t\t        \n                    <div id=\"mendel-rosadia-tab\" class=\"clearfix eael-tab-content-item\" data-title-link=\"mendel-rosadia-tab\">\n\t\t\t\t        \t\t\t\t\t        <p style=\"text-align: center;\"><img loading=\"lazy\" decoding=\"async\" class=\"alignnone wp-image-170\" src=\"https:\/\/mendel.com.ar\/wp-content\/uploads\/2022\/04\/rosadia-98x300.png\" alt=\"\" width=\"150\" height=\"461\" srcset=\"https:\/\/mendel.com.ar\/wp-content\/uploads\/2022\/04\/rosadia-98x300.png 98w, https:\/\/mendel.com.ar\/wp-content\/uploads\/2022\/04\/rosadia.png 280w\" sizes=\"auto, (max-width: 150px) 100vw, 150px\" \/>Mendel Rosadia 2020 is the first ros\u00e9 wine produced by Roberto de la Mota in Mendel. Vinified with grapes from our vineyard in Paraje Altamira, it delivers intense aromas reminiscent of white peach, pineapple and citrus fruits. On the palate it is a fresh, fruity wine, with a delicate and smooth mid palate, which makes it very easy to drink.\u00a0<\/p><p style=\"text-align: center;\">PINOT NOIR - CABERNET FRANC - MERLOT.<\/p><p style=\"text-align: center;\"><strong>TECHNICAL SHEETS<\/strong><\/p><p style=\"text-align: center;\"><a style=\"color: #993366;\" href=\"https:\/\/mendel.com.ar\/wp-content\/uploads\/2025\/03\/MENDEL-ROSADIA-2024-Technical-Sheet.pdf\">MENDEL ROSADIA 2024<\/a><a style=\"color: #993366;\" href=\"https:\/\/mendel.com.ar\/wp-content\/uploads\/2024\/01\/MENDEL-ROSADIA-2021-Technical-Sheet.pdf\"><br \/><\/a><a style=\"color: #993366;\" href=\"https:\/\/mendel.com.ar\/wp-content\/uploads\/2025\/03\/MENDEL-ROSADIA-2023-Technical-Sheet.pdf\">MENDEL ROSADIA 2023<\/a><a style=\"color: #993366;\" href=\"https:\/\/mendel.com.ar\/wp-content\/uploads\/2024\/01\/MENDEL-ROSADIA-2021-Technical-Sheet.pdf\"><br \/><\/a><a style=\"color: #993366;\" href=\"https:\/\/mendel.com.ar\/wp-content\/uploads\/2024\/01\/MENDEL-ROSADIA-2022-Technical-Sheet.pdf\">MENDEL ROSADIA 2022<\/a><a style=\"color: #993366;\" href=\"https:\/\/mendel.com.ar\/wp-content\/uploads\/2024\/01\/MENDEL-ROSADIA-2021-Technical-Sheet.pdf\"><br \/>MENDEL ROSADIA 2021<\/a><br \/><span style=\"color: #993366;\"><a style=\"color: #993366;\" href=\"https:\/\/mendel.com.ar\/wp-content\/uploads\/2022\/05\/MENDEL-ROSADIA-2020-Technical-Sheet.pdf\">MENDEL ROSADIA 2020<\/a><\/span><br \/><span style=\"color: #993366;\"><a style=\"color: #993366;\" href=\"https:\/\/mendel.com.ar\/wp-content\/uploads\/2022\/04\/MENDEL-ROSADIA-2019-Technical-Sheet.pdf\">MENDEL ROSADIA 2019<\/a>\u00a0<\/span><br \/><span style=\"color: #993366;\"><a style=\"color: #993366;\" href=\"https:\/\/mendel.com.ar\/wp-content\/uploads\/2022\/04\/MENDEL-ROSADIA-2018-Technical-Sheet.pdf\">MENDEL ROSADIA 2018<\/a><\/span><\/p>\t\t\t\t                            <\/div>\n\t\t        \n                    <div id=\"petit-manseng-tab\" class=\"clearfix eael-tab-content-item\" data-title-link=\"petit-manseng-tab\">\n\t\t\t\t        \t\t\t\t\t        <p style=\"text-align: center;\"><img loading=\"lazy\" decoding=\"async\" class=\"alignnone wp-image-159\" src=\"https:\/\/mendel.com.ar\/wp-content\/uploads\/2023\/07\/MENDEL-MALBEC-2020-web-bottle-mas-chica.png\" alt=\"\" width=\"150\" height=\"518\" \/><br \/>Made with grapes from Paraje Altamira, La Consulta, in San Carlos at 1,100 masl, Mendel Late Harvest Petit Manseng is a white wine that surprises with its intensity, sweetness, elegance and natural freshness.<\/p><p style=\"text-align: center;\"><strong>TECHNICAL SHEETS<\/strong><\/p><p style=\"text-align: center;\"><span style=\"color: #993366;\"><a style=\"color: #993366;\" href=\"https:\/\/mendel.com.ar\/wp-content\/uploads\/2025\/04\/Petit-Manseng-2024-Tasting-Notes.pdf\">PETIT MANSENG 2024<\/a><a style=\"color: #993366;\" href=\"https:\/\/mendel.com.ar\/wp-content\/uploads\/2025\/03\/Petit-Manseng-2023-Tasting-Notes.pdf\"><br \/>PETIT MANSENG 2023<\/a><a style=\"color: #993366;\" href=\"https:\/\/mendel.com.ar\/wp-content\/uploads\/2023\/07\/Petit-Manseng-2022-Tasting-Notes.pdf\"><br \/>PETIT MANSENG 2022<\/a><\/span><\/p>\t\t\t\t                            <\/div>\n\t\t        \n                    <div id=\"lunta-malbec-tab\" class=\"clearfix eael-tab-content-item\" data-title-link=\"lunta-malbec-tab\">\n\t\t\t\t        \t\t\t\t\t        <p style=\"text-align: center;\"><img loading=\"lazy\" decoding=\"async\" class=\"alignnone wp-image-159\" src=\"https:\/\/mendel.com.ar\/wp-content\/uploads\/2022\/04\/Lunta-Malbec-2018-Bottle-Image-87x300.png\" alt=\"\" width=\"150\" height=\"518\" srcset=\"https:\/\/mendel.com.ar\/wp-content\/uploads\/2022\/04\/Lunta-Malbec-2018-Bottle-Image-87x300.png 87w, https:\/\/mendel.com.ar\/wp-content\/uploads\/2022\/04\/Lunta-Malbec-2018-Bottle-Image.png 249w\" sizes=\"auto, (max-width: 150px) 100vw, 150px\" \/><br \/>Lunta comes from our vineyards located in a special terroir in Luj\u00e1n de Cuyo with a view of the Sierras de Lunlunta. This Malbec was planted in 1928 and is managed using the same philosophy as the plots for Mendel wines. During the aging in barrels we select the wines with more fruit, and lighter in body and structure looking for a very friendly wine, fresh and easy to drink but at the same time with great volume on the palate and round tannins.<\/p><p style=\"text-align: center;\"><strong>TECHNICAL SHEETS<\/strong><\/p><p style=\"text-align: center;\"><span style=\"color: #993366;\"><a style=\"color: #993366;\" href=\"https:\/\/mendel.com.ar\/wp-content\/uploads\/2025\/03\/Lunta-Malbec-2023-By-Mendel-Wines-Technical-Sheet.pdf\">LUNTA\u00a0 MALBEC 2023<\/a><br \/><a style=\"color: #993366;\" href=\"https:\/\/mendel.com.ar\/wp-content\/uploads\/2024\/01\/Lunta-Malbec-2022-By-Mendel-Wines-Technical-Sheet.pdf\">LUNTA MALBEC 2022<\/a><br \/><a style=\"color: #993366;\" href=\"https:\/\/mendel.com.ar\/wp-content\/uploads\/2024\/01\/Lunta-Malbec-2021-By-Mendel-Wines-Technical-Sheet.pdf\">LUNTA MALBEC 2021<\/a><br \/><a style=\"color: #993366;\" href=\"https:\/\/mendel.com.ar\/wp-content\/uploads\/2022\/05\/Lunta-Malbec-2020-By-Mendel-Wines-Technical-Sheet.pdf\">LUNTA\u00a0 MALBEC<\/a><a style=\"color: #993366;\" href=\"https:\/\/mendel.com.ar\/wp-content\/uploads\/2022\/05\/Lunta-Malbec-2019-By-Mendel-Wines-Technical-Sheet.pdf\"> 2020<br \/><\/a><a style=\"color: #993366;\" href=\"https:\/\/mendel.com.ar\/wp-content\/uploads\/2022\/05\/Lunta-Malbec-2019-By-Mendel-Wines-Technical-Sheet.pdf\">LUNTA\u00a0 MALBEC<\/a><a style=\"color: #993366;\" href=\"https:\/\/mendel.com.ar\/wp-content\/uploads\/2022\/05\/Lunta-Malbec-2019-By-Mendel-Wines-Technical-Sheet.pdf\"> 2019<\/a><br \/><\/span><span style=\"color: #993366;\"><a style=\"color: #993366;\" href=\"https:\/\/mendel.com.ar\/wp-content\/uploads\/2022\/04\/Lunta-Malbec-2018-By-Mendel-Wines-Technical-Sheet.pdf\">LUNTA MALBEC<\/a><a style=\"color: #993366;\" href=\"https:\/\/mendel.com.ar\/wp-content\/uploads\/2022\/04\/Lunta-Malbec-2018-By-Mendel-Wines-Technical-Sheet.pdf\"> 2018<\/a><br \/><a style=\"color: #993366;\" href=\"https:\/\/mendel.com.ar\/wp-content\/uploads\/2022\/04\/Lunta-Malbec-2017-By-Mendel-Wines-Technical-Sheet.pdf\">LUNTA MALBEC<\/a><a style=\"color: #993366;\" href=\"https:\/\/mendel.com.ar\/wp-content\/uploads\/2022\/04\/Lunta-Malbec-2017-By-Mendel-Wines-Technical-Sheet.pdf\"> 2017<\/a><br \/><a style=\"color: #993366;\" href=\"https:\/\/mendel.com.ar\/wp-content\/uploads\/2022\/04\/Lunta-Malbec-2011-by-Mendel-Wines-Technical-Sheet.pdf\">LUNTA MALBEC<\/a><a style=\"color: #993366;\" href=\"https:\/\/mendel.com.ar\/wp-content\/uploads\/2022\/04\/Lunta-Malbec-2016-By-Mendel-Wines-Technical-Sheet.pdf\"> 2016<\/a><br \/><a style=\"color: #993366;\" href=\"https:\/\/mendel.com.ar\/wp-content\/uploads\/2022\/04\/Lunta-Malbec-2011-by-Mendel-Wines-Technical-Sheet.pdf\">LUNTA MALBEC<\/a><a style=\"color: #993366;\" href=\"https:\/\/mendel.com.ar\/wp-content\/uploads\/2022\/04\/Lunta-Malbec-2015-By-Mendel-Wines-Technical-Sheet.pdf\"> 2015<\/a><br \/><a style=\"color: #993366;\" href=\"https:\/\/mendel.com.ar\/wp-content\/uploads\/2022\/04\/Lunta-Malbec-2011-by-Mendel-Wines-Technical-Sheet.pdf\">LUNTA MALBEC<\/a><a style=\"color: #993366;\" href=\"https:\/\/mendel.com.ar\/wp-content\/uploads\/2022\/04\/LUNTA-MALBEC-2014-By-Mendel-Wines-Technical-Sheet.pdf\"> 2014<\/a><br \/><a style=\"color: #993366;\" href=\"https:\/\/mendel.com.ar\/wp-content\/uploads\/2022\/04\/Lunta-Malbec-2011-by-Mendel-Wines-Technical-Sheet.pdf\">LUNTA MALBEC<\/a><a style=\"color: #993366;\" href=\"https:\/\/mendel.com.ar\/wp-content\/uploads\/2022\/04\/LUNTA-MALBEC-2013-By-Mendel-Wines-Technical-Sheet.pdf\"> 2013<\/a><br \/><a style=\"color: #993366;\" href=\"https:\/\/mendel.com.ar\/wp-content\/uploads\/2024\/01\/Lunta-Malbec-2021-By-Mendel-Wines-Technical-Sheet.pdf\">LUNTA MALBEC<\/a><a style=\"color: #993366;\" href=\"https:\/\/mendel.com.ar\/wp-content\/uploads\/2022\/04\/LUNTA-MALBEC-2012-By-Mendel-Wines-Technical-Sheet.pdf\"> 202<\/a>1<br \/><a style=\"color: #993366;\" href=\"https:\/\/mendel.com.ar\/wp-content\/uploads\/2022\/05\/Lunta-Malbec-2020-By-Mendel-Wines-Technical-Sheet.pdf\">LUNTA MALBEC 202<\/a>0<br \/><a style=\"color: #993366;\" href=\"https:\/\/mendel.com.ar\/wp-content\/uploads\/2022\/05\/Lunta-Malbec-2019-By-Mendel-Wines-Technical-Sheet.pdf\">LUNTA MALBEC 2019<\/a><br \/>\u00a0<a style=\"color: #993366;\" href=\"https:\/\/mendel.com.ar\/wp-content\/uploads\/2022\/04\/Lunta-Malbec-2018-By-Mendel-Wines-Technical-Sheet.pdf\">LUNTA MALBEC 2018<\/a><\/span><br \/><span style=\"color: #993366;\"><a style=\"color: #993366;\" href=\"https:\/\/mendel.com.ar\/wp-content\/uploads\/2022\/04\/Lunta-Malbec-2017-By-Mendel-Wines-Technical-Sheet.pdf\">LUNTA MALBEC<\/a><a style=\"color: #993366;\" href=\"https:\/\/mendel.com.ar\/wp-content\/uploads\/2022\/04\/Lunta-Malbec-2017-By-Mendel-Wines-Technical-Sheet.pdf\"> 2017<\/a><\/span><br \/><span style=\"color: #993366;\"><a style=\"color: #993366;\" href=\"https:\/\/mendel.com.ar\/wp-content\/uploads\/2022\/04\/Lunta-Malbec-2011-by-Mendel-Wines-Technical-Sheet.pdf\">LUNTA MALBEC<\/a><a style=\"color: #993366;\" href=\"https:\/\/mendel.com.ar\/wp-content\/uploads\/2022\/04\/Lunta-Malbec-2016-By-Mendel-Wines-Technical-Sheet.pdf\"> 2016<\/a><\/span><br \/><span style=\"color: #993366;\"><a style=\"color: #993366;\" href=\"https:\/\/mendel.com.ar\/wp-content\/uploads\/2022\/04\/Lunta-Malbec-2011-by-Mendel-Wines-Technical-Sheet.pdf\">LUNTA MALBEC<\/a><a style=\"color: #993366;\" href=\"https:\/\/mendel.com.ar\/wp-content\/uploads\/2022\/04\/Lunta-Malbec-2015-By-Mendel-Wines-Technical-Sheet.pdf\"> 2015<\/a><\/span><br \/><span style=\"color: #993366;\"><a style=\"color: #993366;\" href=\"https:\/\/mendel.com.ar\/wp-content\/uploads\/2022\/04\/Lunta-Malbec-2011-by-Mendel-Wines-Technical-Sheet.pdf\">LUNTA MALBEC<\/a><a style=\"color: #993366;\" href=\"https:\/\/mendel.com.ar\/wp-content\/uploads\/2022\/04\/LUNTA-MALBEC-2014-By-Mendel-Wines-Technical-Sheet.pdf\"> 2014<\/a><\/span><br \/><span style=\"color: #993366;\"><a style=\"color: #993366;\" href=\"https:\/\/mendel.com.ar\/wp-content\/uploads\/2022\/04\/Lunta-Malbec-2011-by-Mendel-Wines-Technical-Sheet.pdf\">LUNTA MALBEC<\/a><a style=\"color: #993366;\" href=\"https:\/\/mendel.com.ar\/wp-content\/uploads\/2022\/04\/LUNTA-MALBEC-2013-By-Mendel-Wines-Technical-Sheet.pdf\"> 2013<\/a><\/span><br \/><span style=\"color: #993366;\"><a style=\"color: #993366;\" href=\"https:\/\/mendel.com.ar\/wp-content\/uploads\/2022\/04\/Lunta-Malbec-2011-by-Mendel-Wines-Technical-Sheet.pdf\">LUNTA MALBEC<\/a><a style=\"color: #993366;\" href=\"https:\/\/mendel.com.ar\/wp-content\/uploads\/2022\/04\/LUNTA-MALBEC-2012-By-Mendel-Wines-Technical-Sheet.pdf\"> 2012<\/a><\/span><br \/><span style=\"color: #993366;\"><a style=\"color: #993366;\" href=\"https:\/\/mendel.com.ar\/wp-content\/uploads\/2022\/04\/Lunta-Malbec-2011-by-Mendel-Wines-Technical-Sheet.pdf\">LUNTA MALBEC 2011<\/a><\/span><br \/><span style=\"color: #993366;\"><a style=\"color: #993366;\" href=\"https:\/\/mendel.com.ar\/wp-content\/uploads\/2022\/04\/Lunta-Malbec-2010-By-Mendel-Wines-Technical-Sheet.pdf\">LUNTA MALBEC 2010<\/a><\/span><br \/><span style=\"color: #993366;\"><a style=\"color: #993366;\" href=\"https:\/\/mendel.com.ar\/wp-content\/uploads\/2022\/04\/Lunta-Malbec-2009-By-Mendel-Wines-Technical-Sheet.pdf\">LUNTA MALBEC 2009<\/a><\/span><\/p>\t\t\t\t                            <\/div>\n\t\t        \n                    <div id=\"lunta-torronts-tab\" class=\"clearfix eael-tab-content-item\" data-title-link=\"lunta-torronts-tab\">\n\t\t\t\t        \t\t\t\t\t        <p style=\"text-align: center;\"><img loading=\"lazy\" decoding=\"async\" class=\"alignnone wp-image-160\" src=\"https:\/\/mendel.com.ar\/wp-content\/uploads\/2022\/04\/Lunta-Torrontes-2019-Bottle-Image-87x300.png\" alt=\"\" width=\"150\" height=\"518\" srcset=\"https:\/\/mendel.com.ar\/wp-content\/uploads\/2022\/04\/Lunta-Torrontes-2019-Bottle-Image-87x300.png 87w, https:\/\/mendel.com.ar\/wp-content\/uploads\/2022\/04\/Lunta-Torrontes-2019-Bottle-Image.png 249w\" sizes=\"auto, (max-width: 150px) 100vw, 150px\" \/><br \/>Lunta Torront\u00e9s comes from high altitude vineyards located in the Cafayate Valley. Harvested by hand and vinified at its origin to preserve the elegance and potential of this original variety, seeking the fresh notes of this aromatic varietal.<\/p><p style=\"text-align: center;\"><strong>TECHNICAL SHEETS<\/strong><\/p><p style=\"text-align: center;\"><span style=\"color: #993366;\"><a style=\"color: #993366;\" href=\"https:\/\/mendel.com.ar\/wp-content\/uploads\/2025\/04\/Lunta-Torrontes-2024-By-Mendel-Wines-Technical-Sheet.pdf\">LUNTA TORRONTES 2024<\/a><\/span><br \/><span style=\"color: #993366;\"><a style=\"color: #993366;\" href=\"https:\/\/mendel.com.ar\/wp-content\/uploads\/2022\/05\/Lunta-Torrontes-2021-By-Mendel-Wines-Technical-Sheet.pdf\">LUNTA TORRONTES 202<\/a>1<\/span><br \/><span style=\"color: #993366;\"><a style=\"color: #993366;\" href=\"https:\/\/mendel.com.ar\/wp-content\/uploads\/2022\/04\/Lunta-Torrontes-2019-By-Mendel-Wines-Technical-Sheet.pdf\">LUNTA TORRONTES 2019<\/a><\/span><span style=\"color: #993366;\"><a style=\"color: #993366;\" href=\"https:\/\/mendel.com.ar\/wp-content\/uploads\/2022\/04\/LUNTA-TORRONTES-2016-By-Mendel-Wines-Ficha-Tecnica.pdf\"><br \/><\/a><a style=\"color: #993366;\" href=\"https:\/\/mendel.com.ar\/wp-content\/uploads\/2022\/04\/Lunta-Torrontes-2017-By-Mendel-Wines-Technical-Sheet.pdf\">LUNTA TORRONTES 2017<\/a><a style=\"color: #993366;\" href=\"https:\/\/mendel.com.ar\/wp-content\/uploads\/2022\/04\/LUNTA-TORRONTES-2016-By-Mendel-Wines-Ficha-Tecnica.pdf\"><br \/><\/a><a style=\"color: #993366;\" href=\"https:\/\/mendel.com.ar\/wp-content\/uploads\/2022\/04\/Lunta-Torrontes-2016-By-Mendel-Wines-Technical-Sheet.pdf\">LUNTA <\/a><a style=\"color: #993366;\" href=\"https:\/\/www.mendel.com.ar\/wp-content\/uploads\/2018\/03\/LUNTA-TORRONTES-2017-By-Mendel-Wines-Ficha-Tecnica.pdf\">TORRONTES <\/a><a style=\"color: #993366;\" href=\"https:\/\/mendel.com.ar\/wp-content\/uploads\/2022\/04\/LUNTA-TORRONTES-2016-By-Mendel-Wines-Ficha-Tecnica.pdf\">2016<\/a><\/span><br \/><span style=\"color: #993366;\"><a style=\"color: #993366;\" href=\"https:\/\/mendel.com.ar\/wp-content\/uploads\/2022\/04\/LUNTA-TORRONTES-2014-By-Mendel-Wines-Technical-Sheet.pdf\">LUNTA TORRONTES 2014<\/a><\/span><br \/><span style=\"color: #993366;\"><a style=\"color: #993366;\" href=\"https:\/\/mendel.com.ar\/wp-content\/uploads\/2022\/04\/Lunta-Torrontes-2013-By-Mendel-Wines-Technical-Sheet.pdf\">LUNTA TORRONTES 2013<\/a><\/span><br \/><span style=\"color: #993366;\"><a style=\"color: #993366;\" href=\"https:\/\/mendel.com.ar\/wp-content\/uploads\/2022\/04\/LUNTA-TORRONTES-2012-By-Mendel-Wines-Technical-Sheet.pdf\">LUNTA TORRONTES 2012<\/a><\/span><\/p>\t\t\t\t                            <\/div>\n\t\t                    <\/div>\n        <\/div>\n\t\t<\/div>\n\t\t\t\t<\/div>\n\t\t\t\t\t<\/div>\n\t\t<\/div>\n\t\t\t\t\t\t\t<\/div>\n\t\t<\/section>\n\t\t\t\t<section class=\"elementor-section elementor-top-section elementor-element elementor-element-3aa4059c elementor-section-boxed elementor-section-height-default elementor-section-height-default\" data-id=\"3aa4059c\" data-element_type=\"section\" data-settings=\"{&quot;background_background&quot;:&quot;classic&quot;}\">\n\t\t\t\t\t\t<div class=\"elementor-container elementor-column-gap-default\">\n\t\t\t\t\t<div class=\"elementor-column elementor-col-100 elementor-top-column elementor-element elementor-element-54d638fb\" data-id=\"54d638fb\" data-element_type=\"column\">\n\t\t\t<div class=\"elementor-widget-wrap elementor-element-populated\">\n\t\t\t\t\t\t\t\t<div class=\"elementor-element elementor-element-1907b1a6 elementor-align-center elementor-widget elementor-widget-button\" data-id=\"1907b1a6\" data-element_type=\"widget\" data-widget_type=\"button.default\">\n\t\t\t\t<div class=\"elementor-widget-container\">\n\t\t\t\t\t<div class=\"elementor-button-wrapper\">\n\t\t\t<a class=\"elementor-button elementor-size-sm\" role=\"button\">\n\t\t\t\t\t\t<span class=\"elementor-button-content-wrapper\">\n\t\t\t\t\t\t<span class=\"elementor-button-text\">See All Wines<\/span>\n\t\t<\/span>\n\t\t\t\t\t<\/a>\n\t\t<\/div>\n\t\t\t\t<\/div>\n\t\t\t\t<\/div>\n\t\t\t\t\t<\/div>\n\t\t<\/div>\n\t\t\t\t\t\t\t<\/div>\n\t\t<\/section>\n\t\t\t\t<section class=\"elementor-section elementor-top-section elementor-element elementor-element-2abaa2b4 elementor-section-full_width elementor-section-height-default elementor-section-height-default\" data-id=\"2abaa2b4\" data-element_type=\"section\">\n\t\t\t\t\t\t<div class=\"elementor-container elementor-column-gap-default\">\n\t\t\t\t\t<div class=\"elementor-column elementor-col-50 elementor-top-column elementor-element elementor-element-5d27d399\" data-id=\"5d27d399\" data-element_type=\"column\" data-settings=\"{&quot;background_background&quot;:&quot;classic&quot;}\">\n\t\t\t<div class=\"elementor-widget-wrap elementor-element-populated\">\n\t\t\t\t\t<div class=\"elementor-background-overlay\"><\/div>\n\t\t\t\t\t\t\t\t<div class=\"elementor-element elementor-element-7794b74d elementor-widget elementor-widget-heading\" data-id=\"7794b74d\" data-element_type=\"widget\" data-widget_type=\"heading.default\">\n\t\t\t\t<div class=\"elementor-widget-container\">\n\t\t\t<h2 class=\"elementor-heading-title elementor-size-default\">News<\/h2>\t\t<\/div>\n\t\t\t\t<\/div>\n\t\t\t\t<div class=\"elementor-element elementor-element-63749d93 elementor-widget-divider--view-line elementor-widget elementor-widget-divider\" data-id=\"63749d93\" data-element_type=\"widget\" data-widget_type=\"divider.default\">\n\t\t\t\t<div class=\"elementor-widget-container\">\n\t\t\t\t\t<div class=\"elementor-divider\">\n\t\t\t<span class=\"elementor-divider-separator\">\n\t\t\t\t\t\t<\/span>\n\t\t<\/div>\n\t\t\t\t<\/div>\n\t\t\t\t<\/div>\n\t\t\t\t<div class=\"elementor-element elementor-element-3f71bd5a elementor-grid-eael-col-4 elementor-grid-tablet-eael-col-2 elementor-grid-mobile-eael-col-1 elementor-widget elementor-widget-eael-post-grid\" data-id=\"3f71bd5a\" data-element_type=\"widget\" data-settings=\"{&quot;eael_post_grid_columns&quot;:&quot;eael-col-4&quot;,&quot;eael_post_grid_columns_tablet&quot;:&quot;eael-col-2&quot;,&quot;eael_post_grid_columns_mobile&quot;:&quot;eael-col-1&quot;}\" data-widget_type=\"eael-post-grid.default\">\n\t\t\t\t<div class=\"elementor-widget-container\">\n\t\t\t<div id=\"eael-post-grid-3f71bd5a\" class=\"eael-post-grid-container\">\n            <div class=\"eael-post-grid eael-post-appender eael-post-appender-3f71bd5a eael-post-grid-style-default\" data-layout-mode=\"masonry\"><article class=\"eael-grid-post eael-post-grid-column\" data-id=\"1152\">\n        <div class=\"eael-grid-post-holder\">\n            <div class=\"eael-grid-post-holder-inner\"><div class=\"eael-entry-media\"><div class=\"eael-entry-overlay fade-in\"><i class=\"fas fa-long-arrow-alt-right\" aria-hidden=\"true\"><\/i><a href=\"http:\/\/mendel.com.ar\/en\/2022\/06\/15\/prueba\/\"><\/a><\/div><div class=\"eael-entry-thumbnail\">\n                <img loading=\"lazy\" decoding=\"async\" width=\"232\" height=\"300\" src=\"https:\/\/mendel.com.ar\/wp-content\/uploads\/2022\/06\/Wine-enthusiast-.-Unus-93-points-Feb-2015-232x300.jpg\" class=\"attachment-medium size-medium wp-image-1147\" alt=\"\" srcset=\"https:\/\/mendel.com.ar\/wp-content\/uploads\/2022\/06\/Wine-enthusiast-.-Unus-93-points-Feb-2015-232x300.jpg 232w, https:\/\/mendel.com.ar\/wp-content\/uploads\/2022\/06\/Wine-enthusiast-.-Unus-93-points-Feb-2015-9x12.jpg 9w, https:\/\/mendel.com.ar\/wp-content\/uploads\/2022\/06\/Wine-enthusiast-.-Unus-93-points-Feb-2015-600x776.jpg 600w, https:\/\/mendel.com.ar\/wp-content\/uploads\/2022\/06\/Wine-enthusiast-.-Unus-93-points-Feb-2015.jpg 742w\" sizes=\"auto, (max-width: 232px) 100vw, 232px\" \/>\n            <\/div>\n        <\/div><div class=\"eael-entry-wrapper\"><header class=\"eael-entry-header\"><h2 class=\"eael-entry-title\"><a\n                        class=\"eael-grid-post-link\"\n                        href=\"http:\/\/mendel.com.ar\/en\/2022\/06\/15\/prueba\/\"\n                        title=\"Prueba\">Prueba<\/a><\/h2><\/header><div class=\"eael-entry-content\">\n                        <div class=\"eael-grid-post-excerpt\"><p>Scores and Press<\/p><a\n                            href=\"http:\/\/mendel.com.ar\/en\/2022\/06\/15\/prueba\/\"\n                            class=\"eael-post-elements-readmore-btn\">Leer m\u00e1s<\/a><\/div>\n                    <\/div><div class=\"eael-entry-footer\"><div class=\"eael-entry-meta\"><span class=\"eael-posted-on\"><time datetime=\"June 15, 2022\">June 15, 2022<\/time><\/span><\/div><\/div><\/div><\/div>\n        <\/div>\n    <\/article><\/div>\n            <div class=\"clearfix\"><\/div>\n        <\/div>\t\t<\/div>\n\t\t\t\t<\/div>\n\t\t\t\t<div class=\"elementor-element elementor-element-87b83ed elementor-widget elementor-widget-button\" data-id=\"87b83ed\" data-element_type=\"widget\" data-widget_type=\"button.default\">\n\t\t\t\t<div class=\"elementor-widget-container\">\n\t\t\t\t\t<div class=\"elementor-button-wrapper\">\n\t\t\t<a class=\"elementor-button elementor-button-link elementor-size-sm\" href=\"#\">\n\t\t\t\t\t\t<span class=\"elementor-button-content-wrapper\">\n\t\t\t\t\t\t<span class=\"elementor-button-text\">See more<\/span>\n\t\t<\/span>\n\t\t\t\t\t<\/a>\n\t\t<\/div>\n\t\t\t\t<\/div>\n\t\t\t\t<\/div>\n\t\t\t\t\t<\/div>\n\t\t<\/div>\n\t\t\t\t<div class=\"elementor-column elementor-col-50 elementor-top-column elementor-element elementor-element-440dec62\" data-id=\"440dec62\" data-element_type=\"column\" data-settings=\"{&quot;background_background&quot;:&quot;classic&quot;}\">\n\t\t\t<div class=\"elementor-widget-wrap elementor-element-populated\">\n\t\t\t\t\t<div class=\"elementor-background-overlay\"><\/div>\n\t\t\t\t\t\t\t\t<div class=\"elementor-element elementor-element-7248d3ba elementor-widget elementor-widget-heading\" data-id=\"7248d3ba\" data-element_type=\"widget\" data-widget_type=\"heading.default\">\n\t\t\t\t<div class=\"elementor-widget-container\">\n\t\t\t<h2 class=\"elementor-heading-title elementor-size-default\">Tourism<\/h2>\t\t<\/div>\n\t\t\t\t<\/div>\n\t\t\t\t<div class=\"elementor-element elementor-element-3196f39f elementor-widget-divider--view-line elementor-widget elementor-widget-divider\" data-id=\"3196f39f\" data-element_type=\"widget\" data-widget_type=\"divider.default\">\n\t\t\t\t<div class=\"elementor-widget-container\">\n\t\t\t\t\t<div class=\"elementor-divider\">\n\t\t\t<span class=\"elementor-divider-separator\">\n\t\t\t\t\t\t<\/span>\n\t\t<\/div>\n\t\t\t\t<\/div>\n\t\t\t\t<\/div>\n\t\t\t\t<div class=\"elementor-element elementor-element-15c33f40 elementor-widget elementor-widget-text-editor\" data-id=\"15c33f40\" data-element_type=\"widget\" data-widget_type=\"text-editor.default\">\n\t\t\t\t<div class=\"elementor-widget-container\">\n\t\t\t\t\t\t\t<p>We offer guided tours and tastings from Monday to Friday (except holidays).<\/p><p>Make your reservation with Elena Drannikow, in charge of Hosting &amp; Tasting:<\/p><p><a href=\"https:\/\/wa.link\/z1xb2h\" target=\"_blank\" rel=\"noopener\"><strong>WhatsApp: +54 261 2 016 388<\/strong><\/a><\/p>\t\t\t\t\t\t<\/div>\n\t\t\t\t<\/div>\n\t\t\t\t\t<\/div>\n\t\t<\/div>\n\t\t\t\t\t\t\t<\/div>\n\t\t<\/section>\n\t\t\t\t\t\t\t<\/div>","protected":false},"excerpt":{"rendered":"<p>Origen Vi\u00f1edos y Bodega Mendel surge de la uni\u00f3n de Roberto de la Mota,\u00a0uno de los en\u00f3logos argentinos m\u00e1s respetados y experimentados, con una familia argentina comprometida en obtener vinos de la m\u00e1s alta calidad. Nuestra b\u00fasqueda es expresar el singular car\u00e1cter de nuestros vi\u00f1edos y los incomparables atributos del terru\u00f1o mendocino. Roberto de La [&hellip;]<\/p>","protected":false},"author":1,"featured_media":0,"parent":0,"menu_order":0,"comment_status":"closed","ping_status":"closed","template":"elementor_header_footer","meta":{"footnotes":""},"class_list":["post-33","page","type-page","status-publish","hentry"],"yoast_head":"<!-- This site is optimized with the Yoast SEO plugin v21.6 - https:\/\/yoast.com\/wordpress\/plugins\/seo\/ -->\n<title>Mendel Wines | Vinos de Mendoza<\/title>\n<meta name=\"description\" content=\"Vi\u00f1edos y Bodega Mendel surge de la uni\u00f3n de Roberto de la Mota, uno de los en\u00f3logos argentinos m\u00e1s respetados y experimentados.\" \/>\n<meta name=\"robots\" content=\"index, follow, max-snippet:-1, max-image-preview:large, max-video-preview:-1\" \/>\n<link rel=\"canonical\" href=\"http:\/\/mendel.com.ar\/en\/\" \/>\n<meta property=\"og:locale\" content=\"en_US\" \/>\n<meta property=\"og:type\" content=\"article\" \/>\n<meta property=\"og:title\" content=\"Mendel Wines | Vinos de Mendoza\" \/>\n<meta property=\"og:description\" content=\"Vi\u00f1edos y Bodega Mendel surge de la uni\u00f3n de Roberto de la Mota, uno de los en\u00f3logos argentinos m\u00e1s respetados y experimentados.\" \/>\n<meta property=\"og:url\" content=\"http:\/\/mendel.com.ar\/en\/\" \/>\n<meta property=\"og:site_name\" content=\"Mendel Wines\" \/>\n<meta property=\"article:modified_time\" content=\"2026-03-11T20:51:30+00:00\" \/>\n<meta property=\"og:image\" content=\"https:\/\/mendel.com.ar\/wp-content\/uploads\/2022\/04\/firma-roberto-300x140.png\" \/>\n<meta name=\"twitter:card\" content=\"summary_large_image\" \/>\n<meta name=\"twitter:label1\" content=\"Est. reading time\" \/>\n\t<meta name=\"twitter:data1\" content=\"17 minutes\" \/>\n<script type=\"application\/ld+json\" class=\"yoast-schema-graph\">{\"@context\":\"https:\/\/schema.org\",\"@graph\":[{\"@type\":\"WebPage\",\"@id\":\"https:\/\/mendel.com.ar\/\",\"url\":\"https:\/\/mendel.com.ar\/\",\"name\":\"Mendel Wines | Vinos de Mendoza\",\"isPartOf\":{\"@id\":\"https:\/\/mendel.com.ar\/#website\"},\"datePublished\":\"2022-04-25T15:30:43+00:00\",\"dateModified\":\"2026-03-11T20:51:30+00:00\",\"description\":\"Vi\u00f1edos y Bodega Mendel surge de la uni\u00f3n de Roberto de la Mota, uno de los en\u00f3logos argentinos m\u00e1s respetados y experimentados.\",\"breadcrumb\":{\"@id\":\"https:\/\/mendel.com.ar\/#breadcrumb\"},\"inLanguage\":\"en-US\",\"potentialAction\":[{\"@type\":\"ReadAction\",\"target\":[\"https:\/\/mendel.com.ar\/\"]}]},{\"@type\":\"BreadcrumbList\",\"@id\":\"https:\/\/mendel.com.ar\/#breadcrumb\",\"itemListElement\":[{\"@type\":\"ListItem\",\"position\":1,\"name\":\"Home\",\"item\":\"https:\/\/mendel.com.ar\/\"},{\"@type\":\"ListItem\",\"position\":2,\"name\":\"Home\"}]},{\"@type\":\"WebSite\",\"@id\":\"https:\/\/mendel.com.ar\/#website\",\"url\":\"https:\/\/mendel.com.ar\/\",\"name\":\"Mendel Wines\",\"description\":\"Bodegas Mendel\",\"potentialAction\":[{\"@type\":\"SearchAction\",\"target\":{\"@type\":\"EntryPoint\",\"urlTemplate\":\"https:\/\/mendel.com.ar\/?s={search_term_string}\"},\"query-input\":\"required name=search_term_string\"}],\"inLanguage\":\"en-US\"}]}<\/script>\n<!-- \/ Yoast SEO plugin. -->","yoast_head_json":{"title":"Mendel Wines | Vinos de Mendoza","description":"Vi\u00f1edos y Bodega Mendel surge de la uni\u00f3n de Roberto de la Mota, uno de los en\u00f3logos argentinos m\u00e1s respetados y experimentados.","robots":{"index":"index","follow":"follow","max-snippet":"max-snippet:-1","max-image-preview":"max-image-preview:large","max-video-preview":"max-video-preview:-1"},"canonical":"http:\/\/mendel.com.ar\/en\/","og_locale":"en_US","og_type":"article","og_title":"Mendel Wines | Vinos de Mendoza","og_description":"Vi\u00f1edos y Bodega Mendel surge de la uni\u00f3n de Roberto de la Mota, uno de los en\u00f3logos argentinos m\u00e1s respetados y experimentados.","og_url":"http:\/\/mendel.com.ar\/en\/","og_site_name":"Mendel Wines","article_modified_time":"2026-03-11T20:51:30+00:00","og_image":[{"url":"https:\/\/mendel.com.ar\/wp-content\/uploads\/2022\/04\/firma-roberto-300x140.png"}],"twitter_card":"summary_large_image","twitter_misc":{"Est. reading time":"17 minutes"},"schema":{"@context":"https:\/\/schema.org","@graph":[{"@type":"WebPage","@id":"https:\/\/mendel.com.ar\/","url":"https:\/\/mendel.com.ar\/","name":"Mendel Wines | Vinos de Mendoza","isPartOf":{"@id":"https:\/\/mendel.com.ar\/#website"},"datePublished":"2022-04-25T15:30:43+00:00","dateModified":"2026-03-11T20:51:30+00:00","description":"Vi\u00f1edos y Bodega Mendel surge de la uni\u00f3n de Roberto de la Mota, uno de los en\u00f3logos argentinos m\u00e1s respetados y experimentados.","breadcrumb":{"@id":"https:\/\/mendel.com.ar\/#breadcrumb"},"inLanguage":"en-US","potentialAction":[{"@type":"ReadAction","target":["https:\/\/mendel.com.ar\/"]}]},{"@type":"BreadcrumbList","@id":"https:\/\/mendel.com.ar\/#breadcrumb","itemListElement":[{"@type":"ListItem","position":1,"name":"Home","item":"https:\/\/mendel.com.ar\/"},{"@type":"ListItem","position":2,"name":"Home"}]},{"@type":"WebSite","@id":"https:\/\/mendel.com.ar\/#website","url":"https:\/\/mendel.com.ar\/","name":"Mendel Wines","description":"Bodegas Mendel","potentialAction":[{"@type":"SearchAction","target":{"@type":"EntryPoint","urlTemplate":"https:\/\/mendel.com.ar\/?s={search_term_string}"},"query-input":"required name=search_term_string"}],"inLanguage":"en-US"}]}},"_links":{"self":[{"href":"http:\/\/mendel.com.ar\/en\/wp-json\/wp\/v2\/pages\/33","targetHints":{"allow":["GET"]}}],"collection":[{"href":"http:\/\/mendel.com.ar\/en\/wp-json\/wp\/v2\/pages"}],"about":[{"href":"http:\/\/mendel.com.ar\/en\/wp-json\/wp\/v2\/types\/page"}],"author":[{"embeddable":true,"href":"http:\/\/mendel.com.ar\/en\/wp-json\/wp\/v2\/users\/1"}],"replies":[{"embeddable":true,"href":"http:\/\/mendel.com.ar\/en\/wp-json\/wp\/v2\/comments?post=33"}],"version-history":[{"count":473,"href":"http:\/\/mendel.com.ar\/en\/wp-json\/wp\/v2\/pages\/33\/revisions"}],"predecessor-version":[{"id":6359,"href":"http:\/\/mendel.com.ar\/en\/wp-json\/wp\/v2\/pages\/33\/revisions\/6359"}],"wp:attachment":[{"href":"http:\/\/mendel.com.ar\/en\/wp-json\/wp\/v2\/media?parent=33"}],"curies":[{"name":"wp","href":"https:\/\/api.w.org\/{rel}","templated":true}]}}